{"id":6948,"date":"2024-02-07T12:56:22","date_gmt":"2024-02-07T11:56:22","guid":{"rendered":"https:\/\/lehmann-ambiente.ch\/staging\/?p=6948"},"modified":"2026-02-26T13:55:49","modified_gmt":"2026-02-26T12:55:49","slug":"meubles-dexterieur","status":"publish","type":"innenarchitektur","link":"https:\/\/lehmann-ambiente.ch\/fr\/innenarchitektur\/outdoormobel\/","title":{"rendered":"En plein air"},"content":{"rendered":"<h2 class=\"wp-block-heading\">D\u00e9couvrez des meubles d'ext\u00e9rieur \u00e9l\u00e9gants pour votre jardin et votre terrasse<\/h2>\n\n\n\n<p>Vous souhaitez transformer votre espace ext\u00e9rieur en une v\u00e9ritable oasis de bien-\u00eatre ? Avec nos meubles d'ext\u00e9rieur de qualit\u00e9, ce r\u00eave devient r\u00e9alit\u00e9 ! Lehmann Ambiente propose un choix vari\u00e9 de meubles pour tous les domaines de votre style de vie en plein air - de la salle \u00e0 manger confortable au coin lounge \u00e9l\u00e9gant en passant par les chaises longues relaxantes.<\/p>\n\n\n\n<h2 class=\"wp-block-heading\">Coin repas en plein air :<\/h2>\n\n\n\n<p>Profitez d'exp\u00e9riences culinaires en plein air avec nos meubles de salle \u00e0 manger \u00e9l\u00e9gants. Des tables \u00e9l\u00e9gantes aux chaises confortables en passant par les parasols pratiques, vous trouverez chez nous tout ce qu'il faut pour profiter de repas conviviaux en plein air.<\/p>\n\n\n\n<h2 class=\"wp-block-heading\">Bains de soleil et espace piscine :<\/h2>\n\n\n\n<p>D\u00e9tendez-vous au soleil sur nos confortables chaises longues et faites de votre espace piscine votre lieu de retraite personnel. Nos chaises longues et parasols de qualit\u00e9 sup\u00e9rieure vous offrent l'endroit id\u00e9al pour vous d\u00e9tendre et vous relaxer.<\/p>\n\n\n\n<h2 class=\"wp-block-heading\">Coin lounge pour des moments de convivialit\u00e9 :<\/h2>\n\n\n\n<p>Cr\u00e9ez une atmosph\u00e8re chaleureuse \u00e0 l'ext\u00e9rieur avec notre \u00e9l\u00e9gant coin salon. Des canap\u00e9s confortables aux chaises lounge styl\u00e9es en passant par les tables d'appoint pratiques, nos meubles invitent \u00e0 la d\u00e9tente et au repos et sont parfaits pour passer des moments conviviaux en famille ou entre amis.<\/p>\n\n\n\n<p>Plongez dans notre collection exclusive de meubles d'ext\u00e9rieur et transformez votre jardin, votre terrasse ou votre balcon en une oasis de d\u00e9tente et de style.<\/p>\n\n\n\n<h2 class=\"wp-block-heading\">Mat\u00e9riaux de haute qualit\u00e9, design intemporel de marques renomm\u00e9es<\/h2>\n\n\n\n<p>Notre s\u00e9lection comprend des meubles d'ext\u00e9rieur de premi\u00e8re qualit\u00e9 de grandes marques telles que Minotti, Kettal, Fischer M\u00f6bel, Glatz Sonnenpar parasols et Fast. Des meubles en bois pr\u00e9cieux aux meubles en m\u00e9tal robustes en passant par les meubles en plastique r\u00e9sistants aux intemp\u00e9ries, nous proposons une grande vari\u00e9t\u00e9 de styles et de designs pour tous les go\u00fbts et tous les besoins.<\/p>\n\n\n\n<h2 class=\"wp-block-heading\">Nouveaut\u00e9s 2024 :<\/h2>\n\n\n\n<h2 class=\"wp-block-heading\">Minotti<\/h2>\n\n\n\n<p>Faites l'exp\u00e9rience d'un confort de premi\u00e8re classe \u00e0 l'ext\u00e9rieur avec l'impressionnant daybed de la s\u00e9rie Patio. Ce meuble \u00e9l\u00e9gant invite \u00e0 la d\u00e9tente et \u00e0 la relaxation en plein air, tandis que le fauteuil et le tabouret de la s\u00e9rie Lido conf\u00e8rent une \u00e9l\u00e9gance intemporelle \u00e0 votre espace ext\u00e9rieur.<\/p>\n\n\n\n<p>Compl\u00e9tez votre am\u00e9nagement ext\u00e9rieur avec la table d'appoint pratique isole, qui allie fonctionnalit\u00e9 et design \u00e9l\u00e9gant et compl\u00e8te parfaitement vos moments de d\u00e9tente en plein air.<\/p>\n\n\n\n<h2 class=\"wp-block-heading\">Kettal<\/h2>\n\n\n\n<p>L'\u00e9l\u00e9gance intemporelle de la s\u00e9rie de mod\u00e8les Bitta Outdoor Sofa de Kettal. La combinaison raffin\u00e9e de mat\u00e9riaux de haute qualit\u00e9 et d'un design moderne fait de ces meubles le choix parfait pour votre espace ext\u00e9rieur.<\/p>\n\n\n\n<h2 class=\"wp-block-heading\">Meubles Fischer<\/h2>\n\n\n\n<p>La s\u00e9rie de mod\u00e8les Kairos de Fischer M\u00f6bel propose des meubles attrayants qui allient confort et style. Profitez de votre temps en plein air avec ces meubles \u00e9l\u00e9gants et fonctionnels.<\/p>\n\n\n\n<h2 class=\"wp-block-heading\">Presque<\/h2>\n\n\n\n<p>Ria, la s\u00e9rie vari\u00e9e de Fast, se distingue par son design moderne et sa finition de qualit\u00e9. Ces meubles ne sont pas seulement esth\u00e9tiques, ils sont aussi extr\u00eamement durables et r\u00e9sistants aux intemp\u00e9ries.<\/p>\n\n\n\n<p>Profitez pleinement de l'\u00e9t\u00e9<\/p>","protected":false},"featured_media":12715,"parent":0,"menu_order":0,"template":"","class_list":["post-6948","innenarchitektur","type-innenarchitektur","status-publish","has-post-thumbnail","hentry"],"acf":[],"_links":{"self":[{"href":"https:\/\/lehmann-ambiente.ch\/fr\/wp-json\/wp\/v2\/innenarchitektur\/6948","targetHints":{"allow":["GET"]}}],"collection":[{"href":"https:\/\/lehmann-ambiente.ch\/fr\/wp-json\/wp\/v2\/innenarchitektur"}],"about":[{"href":"https:\/\/lehmann-ambiente.ch\/fr\/wp-json\/wp\/v2\/types\/innenarchitektur"}],"wp:featuredmedia":[{"embeddable":true,"href":"https:\/\/lehmann-ambiente.ch\/fr\/wp-json\/wp\/v2\/media\/12715"}],"wp:attachment":[{"href":"https:\/\/lehmann-ambiente.ch\/fr\/wp-json\/wp\/v2\/media?parent=6948"}],"curies":[{"name":"wp","href":"https:\/\/api.w.org\/{rel}","templated":true}]}}