{"id":12751,"date":"2026-03-11T10:50:48","date_gmt":"2026-03-11T09:50:48","guid":{"rendered":"https:\/\/lehmann-ambiente.ch\/?post_type=marke&#038;p=12751"},"modified":"2026-03-11T10:54:24","modified_gmt":"2026-03-11T09:54:24","slug":"molamisa","status":"publish","type":"marke","link":"https:\/\/lehmann-ambiente.ch\/fr\/marke\/walter-knoll\/molamisa\/","title":{"rendered":"Molamisa"},"content":{"rendered":"<h2 class=\"wp-block-heading\">Une sculpture de confort<\/h2>\n\n\n\n<p>Avec Molamisa, Walter Knoll pr\u00e9sente bien plus qu'un canap\u00e9 : c'est un paysage confortable qui transforme le quotidien en pure s\u00e9r\u00e9nit\u00e9. Con\u00e7u par le c\u00e9l\u00e8bre trio de designers <strong>EOOS<\/strong>, Molamisa brise les lignes rigides des si\u00e8ges classiques et cr\u00e9e un lieu qui rassemble les gens - pour des conversations famili\u00e8res, des rires sinc\u00e8res ou des moments de d\u00e9tente tranquilles.<\/p>\n\n\n\n<figure class=\"wp-block-video\"><video controls loop src=\"https:\/\/d248k8q1c80cf8.cloudfront.net\/WK_Molamisa_Sofa_green_56ab2ffdd0.mp4\"><\/video><\/figure>\n\n\n\n<h2 class=\"wp-block-heading\">Philosophie du design : la pr\u00e9cision rencontre la douceur<\/h2>\n\n\n\n<p>\u201ePr\u00e9cis, mais doux comme un coussin\u201c - ce leitmotiv d\u00e9crit parfaitement le caract\u00e8re de Molamisa. D\u00e8s le premier regard, la collection d\u00e9gage chaleur et sympathie. Les formes g\u00e9om\u00e9triques et les surfaces d\u00e9licatement bomb\u00e9es s'assemblent harmonieusement et \u00e9pousent les formes du corps. C'est un \u00e9quilibre de nonchalance et d'ordre : d\u00e9contract\u00e9 dans la forme, mais toujours clair dans l'effet architectural.<\/p>\n\n\n\n<h2 class=\"wp-block-heading\">L'architecture de la flexibilit\u00e9<\/h2>\n\n\n\n<p>Molamisa fonctionne comme une pi\u00e8ce dans la pi\u00e8ce. Son architecture transformable permet de red\u00e9finir sans cesse l'expression du meuble :<\/p>\n\n\n\n<ul class=\"wp-block-list\">\n<li><strong>\u00celes mobiles :<\/strong> Les surfaces modulaires forment des hauteurs et des profondeurs et cr\u00e9ent constamment de nouvelles compositions dans l'espace.<\/li>\n\n\n\n<li><strong>Dossiers intuitifs :<\/strong> Gr\u00e2ce \u00e0 un m\u00e9canisme raffin\u00e9, les dossiers se r\u00e8glent sans effort par une l\u00e9g\u00e8re pression ou une l\u00e9g\u00e8re traction. Chaque utilisateur trouve ainsi sa position individuelle - droite pour des conversations anim\u00e9es ou inclin\u00e9e pour une d\u00e9tente profonde - sans influencer la position assise des autres.<\/li>\n\n\n\n<li><strong>Multifonction :<\/strong> Les dimensions des accoudoirs sont identiques et assument de la m\u00eame mani\u00e8re la fonction d'accoudoir et de dossier.<\/li>\n<\/ul>\n\n\n\n<h2 class=\"wp-block-heading\">Confort sans limites<\/h2>\n\n\n\n<p>EOOS a supprim\u00e9 la forme lin\u00e9aire du canap\u00e9. Les surfaces inclin\u00e9es cr\u00e9ent des formes modulaires g\u00e9om\u00e9triques qui peuvent \u00eatre arrang\u00e9es en paysages vari\u00e9s. Les larges surfaces d'assise se transforment en charmantes surfaces de couchage, id\u00e9ales pour se d\u00e9tendre ou pour des r\u00e9unions conviviales. Un avantage particulier de la g\u00e9om\u00e9trie inclin\u00e9e : les personnes assises sont tourn\u00e9es les unes vers les autres, ce qui cr\u00e9e une atmosph\u00e8re ouverte et accueillante et favorise la proximit\u00e9.<\/p>\n\n\n\n<h2 class=\"wp-block-heading\">L'artisanat de Herrenberg<\/h2>\n\n\n\n<p>La collaboration entre Walter Knoll et EOOS a une longue tradition et a d\u00e9j\u00e0 donn\u00e9 naissance \u00e0 de nombreuses cr\u00e9ations r\u00e9compens\u00e9es. Fabriqu\u00e9 avec la pr\u00e9cision magistrale de la manufacture de Herrenberg, Molamisa est synonyme de qualit\u00e9 durable et d'exigences maximales en termes de mat\u00e9riaux et de finition.<\/p>\n\n\n\n<figure class=\"wp-block-gallery has-nested-images columns-2 is-cropped wp-block-gallery-1 is-layout-flex wp-block-gallery-is-layout-flex\">\n<figure class=\"wp-block-image size-large is-style-default\"><img fetchpriority=\"high\" decoding=\"async\" width=\"1024\" height=\"683\" data-id=\"12754\" src=\"https:\/\/lehmann-ambiente.ch\/wp-content\/uploads\/2026\/03\/WK_Molamisa_035_210839f3e8-1024x683.jpg\" alt=\"\" class=\"wp-image-12754\" style=\"aspect-ratio:3\/2\" srcset=\"https:\/\/lehmann-ambiente.ch\/wp-content\/uploads\/2026\/03\/WK_Molamisa_035_210839f3e8-1024x683.jpg 1024w, https:\/\/lehmann-ambiente.ch\/wp-content\/uploads\/2026\/03\/WK_Molamisa_035_210839f3e8-300x200.jpg 300w, https:\/\/lehmann-ambiente.ch\/wp-content\/uploads\/2026\/03\/WK_Molamisa_035_210839f3e8-768x512.jpg 768w, https:\/\/lehmann-ambiente.ch\/wp-content\/uploads\/2026\/03\/WK_Molamisa_035_210839f3e8-391x260.jpg 391w, https:\/\/lehmann-ambiente.ch\/wp-content\/uploads\/2026\/03\/WK_Molamisa_035_210839f3e8-1536x1025.jpg 1536w, https:\/\/lehmann-ambiente.ch\/wp-content\/uploads\/2026\/03\/WK_Molamisa_035_210839f3e8-2048x1366.jpg 2048w, https:\/\/lehmann-ambiente.ch\/wp-content\/uploads\/2026\/03\/WK_Molamisa_035_210839f3e8-18x12.jpg 18w, https:\/\/lehmann-ambiente.ch\/wp-content\/uploads\/2026\/03\/WK_Molamisa_035_210839f3e8-600x400.jpg 600w\" sizes=\"(max-width: 1024px) 100vw, 1024px\" \/><\/figure>\n\n\n\n<figure class=\"wp-block-image size-large\"><img decoding=\"async\" width=\"1024\" height=\"719\" data-id=\"12755\" src=\"https:\/\/lehmann-ambiente.ch\/wp-content\/uploads\/2026\/03\/WK_Motiv_2_min_01a8fa86fc-1024x719.jpg\" alt=\"\" class=\"wp-image-12755\" style=\"aspect-ratio:3\/2\" srcset=\"https:\/\/lehmann-ambiente.ch\/wp-content\/uploads\/2026\/03\/WK_Motiv_2_min_01a8fa86fc-1024x719.jpg 1024w, https:\/\/lehmann-ambiente.ch\/wp-content\/uploads\/2026\/03\/WK_Motiv_2_min_01a8fa86fc-300x211.jpg 300w, https:\/\/lehmann-ambiente.ch\/wp-content\/uploads\/2026\/03\/WK_Motiv_2_min_01a8fa86fc-768x539.jpg 768w, https:\/\/lehmann-ambiente.ch\/wp-content\/uploads\/2026\/03\/WK_Motiv_2_min_01a8fa86fc-1536x1078.jpg 1536w, https:\/\/lehmann-ambiente.ch\/wp-content\/uploads\/2026\/03\/WK_Motiv_2_min_01a8fa86fc-2048x1437.jpg 2048w, https:\/\/lehmann-ambiente.ch\/wp-content\/uploads\/2026\/03\/WK_Motiv_2_min_01a8fa86fc-18x12.jpg 18w, https:\/\/lehmann-ambiente.ch\/wp-content\/uploads\/2026\/03\/WK_Motiv_2_min_01a8fa86fc-600x421.jpg 600w\" sizes=\"(max-width: 1024px) 100vw, 1024px\" \/><\/figure>\n<\/figure>\n\n\n\n<h2 class=\"wp-block-heading\">D\u00e9couvrez Walter Knoll chez Lehmann Ambiente<\/h2>\n\n\n\n<p>En tant qu'experts en am\u00e9nagement int\u00e9rieur exclusif, nous vous accompagnons volontiers dans l'int\u00e9gration de Molamisa dans votre concept d'espace. Qu'il s'agisse d'un lieu de retraite priv\u00e9 ou d'une sc\u00e8ne pour des r\u00e9unions conviviales, nous configurons avec vous le paysage de modules qui vous convient.<\/p>\n\n\n\n<p>Venez nous rendre visite \u00e0 Guin pour d\u00e9couvrir personnellement la douceur inimitable et la fonctionnalit\u00e9 intuitive de Molamisa. Nos conseillers vous aideront \u00e0 cr\u00e9er votre \u201emaison pour l'\u00e2me\u201c gr\u00e2ce \u00e0 leur expertise.<\/p>","protected":false},"featured_media":12753,"parent":38,"menu_order":0,"template":"","class_list":["post-12751","marke","type-marke","status-publish","has-post-thumbnail","hentry"],"acf":[],"_links":{"self":[{"href":"https:\/\/lehmann-ambiente.ch\/fr\/wp-json\/wp\/v2\/marke\/12751","targetHints":{"allow":["GET"]}}],"collection":[{"href":"https:\/\/lehmann-ambiente.ch\/fr\/wp-json\/wp\/v2\/marke"}],"about":[{"href":"https:\/\/lehmann-ambiente.ch\/fr\/wp-json\/wp\/v2\/types\/marke"}],"up":[{"embeddable":true,"href":"https:\/\/lehmann-ambiente.ch\/fr\/wp-json\/wp\/v2\/marke\/38"}],"wp:featuredmedia":[{"embeddable":true,"href":"https:\/\/lehmann-ambiente.ch\/fr\/wp-json\/wp\/v2\/media\/12753"}],"wp:attachment":[{"href":"https:\/\/lehmann-ambiente.ch\/fr\/wp-json\/wp\/v2\/media?parent=12751"}],"curies":[{"name":"wp","href":"https:\/\/api.w.org\/{rel}","templated":true}]}}