{"id":2529,"date":"2023-10-12T17:49:54","date_gmt":"2023-10-12T15:49:54","guid":{"rendered":"https:\/\/lehmann-ambiente.ch\/?post_type=marke&#038;p=2529"},"modified":"2023-10-12T17:52:01","modified_gmt":"2023-10-12T15:52:01","slug":"wittmann","status":"publish","type":"marke","link":"https:\/\/lehmann-ambiente.ch\/fr\/marke\/wittmann\/","title":{"rendered":"Wittmann"},"content":{"rendered":"<p>Les ateliers de meubles Wittmann sont une entreprise familiale autrichienne. La perfection artisanale, le design intemporel et la long\u00e9vit\u00e9 font partie de la philosophie de l'entreprise.<\/p>\n\n\n\n<p>La soci\u00e9t\u00e9 Wittmann M\u00f6belwerkst\u00e4tten GmbH est un fabricant autrichien de meubles d'int\u00e9rieur exclusifs. L'entreprise a \u00e9t\u00e9 fond\u00e9e en 1896 par Franz Wittmann en tant qu'atelier de sellerie - son petit-fils Franz Wittmann a transform\u00e9 la production en fabrication de meubles et en atelier de tapisserie.  Gr\u00e2ce \u00e0 la collaboration avec les architectes Johannes Spalt et Friedrich Kurrent, qui ont fourni les premi\u00e8res \u00e9bauches de meubles, l'histoire du succ\u00e8s de la maison a commenc\u00e9.<\/p>\n\n\n\n<p><strong>Fabricant de meubles Hoffmann&nbsp;<\/strong><br>Carla Hoffmann, la veuve de Josef Hoffmann, a confi\u00e9 \u00e0 l'entreprise les droits sur les cr\u00e9ations du cofondateur des c\u00e9l\u00e8bres Wiener Werkst\u00e4tte. Depuis les ann\u00e9es 1970, Wittmann reproduit donc des meubles Hoffmann, dont des mod\u00e8les comme la Chauve-souris, Purkersdorf, Arml\u00f6ffel et le fameux Kubus. Aujourd'hui, Heinz Hofer-Wittmann et sa femme repr\u00e9sentent la quatri\u00e8me g\u00e9n\u00e9ration \u00e0 la t\u00eate de l'entreprise familiale.<\/p>","protected":false},"featured_media":2531,"parent":0,"menu_order":0,"template":"","class_list":["post-2529","marke","type-marke","status-publish","has-post-thumbnail","hentry"],"acf":[],"_links":{"self":[{"href":"https:\/\/lehmann-ambiente.ch\/fr\/wp-json\/wp\/v2\/marke\/2529","targetHints":{"allow":["GET"]}}],"collection":[{"href":"https:\/\/lehmann-ambiente.ch\/fr\/wp-json\/wp\/v2\/marke"}],"about":[{"href":"https:\/\/lehmann-ambiente.ch\/fr\/wp-json\/wp\/v2\/types\/marke"}],"wp:featuredmedia":[{"embeddable":true,"href":"https:\/\/lehmann-ambiente.ch\/fr\/wp-json\/wp\/v2\/media\/2531"}],"wp:attachment":[{"href":"https:\/\/lehmann-ambiente.ch\/fr\/wp-json\/wp\/v2\/media?parent=2529"}],"curies":[{"name":"wp","href":"https:\/\/api.w.org\/{rel}","templated":true}]}}