{"id":10689,"date":"2025-02-19T14:00:25","date_gmt":"2025-02-19T13:00:25","guid":{"rendered":"https:\/\/lehmann-ambiente.ch\/?post_type=mec-events&#038;p=10689"},"modified":"2025-02-19T14:02:07","modified_gmt":"2025-02-19T13:02:07","slug":"cuisiner-pour-les-hommes-759-782","status":"publish","type":"mec-events","link":"https:\/\/lehmann-ambiente.ch\/fr\/events\/maenner-kochen-759-782\/","title":{"rendered":"La cuisine des hommes"},"content":{"rendered":"<p>Vous \u00eates passionn\u00e9 de cuisine et vous aimez cuisiner avec vos amis ? Alors notre soir\u00e9e cuisine pour hommes est faite pour vous !<\/p>\n<p>Il s'agit de cuisiner, de discuter et de savourer ensemble dans une ambiance conviviale.<\/p>\n<p>Le th\u00e8me de ce cours de cuisine sera annonc\u00e9 en temps voulu.<\/p>\n<p><strong>Conditions :\u00a0<\/strong>Le cours peut \u00eatre organis\u00e9 avec un minimum de 6 personnes et un maximum de 8 personnes.<\/p>\n<p><strong>Assurance:<\/strong>est l'affaire des participants<\/p>\n<p><strong>Connaissances pr\u00e9alables :<\/strong>\u00a0aucune n\u00e9cessaire<\/p>\n<p><strong>Paiement :<\/strong>\u00a0sur place \/\/ Twint ou bar<\/p>\n<p><strong>Langue:\u00a0<\/strong>Allemand<\/p>","protected":false},"excerpt":{"rendered":"<p>Sind Sie passionierter Koch und haben Freude, gemeinsam mit Freunden zu Kochen? Dann ist unser Kochabend f\u00fcr M\u00e4nner genau das richtige f\u00fcr Sie! Bei gem\u00fctlichem Beisammensein soll gemeinsam gekocht, diskutiert und genossen werden. Das Thema f\u00fcr diesen Kochkurs wird zu gegebener Zeit bekannt gegeben. Bedingungen:\u00a0Der Kurs kann mit minimal 6 Personen, maximal 8 Personen durchgef\u00fchrt [&hellip;]<\/p>\n","protected":false},"author":6,"featured_media":7127,"comment_status":"open","ping_status":"open","template":"","tags":[],"mec_category":[97],"class_list":["post-10689","mec-events","type-mec-events","status-publish","has-post-thumbnail","hentry","mec_category-kochkurs"],"acf":[],"_links":{"self":[{"href":"https:\/\/lehmann-ambiente.ch\/fr\/wp-json\/wp\/v2\/mec-events\/10689","targetHints":{"allow":["GET"]}}],"collection":[{"href":"https:\/\/lehmann-ambiente.ch\/fr\/wp-json\/wp\/v2\/mec-events"}],"about":[{"href":"https:\/\/lehmann-ambiente.ch\/fr\/wp-json\/wp\/v2\/types\/mec-events"}],"author":[{"embeddable":true,"href":"https:\/\/lehmann-ambiente.ch\/fr\/wp-json\/wp\/v2\/users\/6"}],"replies":[{"embeddable":true,"href":"https:\/\/lehmann-ambiente.ch\/fr\/wp-json\/wp\/v2\/comments?post=10689"}],"wp:featuredmedia":[{"embeddable":true,"href":"https:\/\/lehmann-ambiente.ch\/fr\/wp-json\/wp\/v2\/media\/7127"}],"wp:attachment":[{"href":"https:\/\/lehmann-ambiente.ch\/fr\/wp-json\/wp\/v2\/media?parent=10689"}],"wp:term":[{"taxonomy":"post_tag","embeddable":true,"href":"https:\/\/lehmann-ambiente.ch\/fr\/wp-json\/wp\/v2\/tags?post=10689"},{"taxonomy":"mec_category","embeddable":true,"href":"https:\/\/lehmann-ambiente.ch\/fr\/wp-json\/wp\/v2\/mec_category?post=10689"}],"curies":[{"name":"wp","href":"https:\/\/api.w.org\/{rel}","templated":true}]}}