{"id":8803,"date":"2024-07-30T13:22:07","date_gmt":"2024-07-30T11:22:07","guid":{"rendered":"https:\/\/lehmann-ambiente.ch\/?page_id=8803"},"modified":"2026-03-23T09:21:40","modified_gmt":"2026-03-23T08:21:40","slug":"revetement-de-sol","status":"publish","type":"page","link":"https:\/\/lehmann-ambiente.ch\/fr\/bodenbelag\/","title":{"rendered":"Rev\u00eatement de sol"},"content":{"rendered":"<div data-elementor-type=\"wp-page\" data-elementor-id=\"8803\" class=\"elementor elementor-8803\" data-elementor-post-type=\"page\">\n\t\t\t\t<div class=\"elementor-element elementor-element-852e2d8 e-flex e-con-boxed e-con e-parent\" data-id=\"852e2d8\" data-element_type=\"container\" data-e-type=\"container\" data-settings=\"{&quot;jet_parallax_layout_list&quot;:[]}\">\n\t\t\t\t\t<div class=\"e-con-inner\">\n\t\t\t\t<div class=\"elementor-element elementor-element-38a2036 elementor-widget__width-auto elementor-widget-laptop__width-initial elementor-widget elementor-widget-heading\" data-id=\"38a2036\" data-element_type=\"widget\" data-e-type=\"widget\" data-widget_type=\"heading.default\">\n\t\t\t\t\t<h2 class=\"elementor-heading-title elementor-size-default\">Nous posons des sols<\/h2>\t\t\t\t<\/div>\n\t\t\t\t<div class=\"elementor-element elementor-element-3377571 elementor-widget__width-initial elementor-widget elementor-widget-text-editor\" data-id=\"3377571\" data-element_type=\"widget\" data-e-type=\"widget\" data-widget_type=\"text-editor.default\">\n\t\t\t\t\t\t\t\t\t<p>Les exigences pour un rev\u00eatement de sol varient consid\u00e9rablement en fonction de l'emplacement. Nous serions heureux de vous montrer les avantages des diff\u00e9rents rev\u00eatements et de trouver ensemble le produit optimal pour vous. Nous attachons beaucoup d\u2019importance \u00e0 la qualit\u00e9 des conseils, du mat\u00e9riel et de la pose.<\/p>\t\t\t\t\t\t\t\t<\/div>\n\t\t\t\t<div class=\"elementor-element elementor-element-064ddc4 elementor-widget__width-initial elementor-absolute elementor-widget elementor-widget-image\" data-id=\"064ddc4\" data-element_type=\"widget\" data-e-type=\"widget\" data-settings=\"{&quot;_position&quot;:&quot;absolute&quot;}\" data-widget_type=\"image.default\">\n\t\t\t\t\t\t\t\t\t\t\t\t\t\t\t<img fetchpriority=\"high\" decoding=\"async\" width=\"800\" height=\"589\" src=\"https:\/\/lehmann-ambiente.ch\/wp-content\/uploads\/2024\/07\/floor_03-1024x754.png\" class=\"attachment-large size-large wp-image-9105\" alt=\"Parquet, plancher en bois\" srcset=\"https:\/\/lehmann-ambiente.ch\/wp-content\/uploads\/2024\/07\/floor_03-1024x754.png 1024w, https:\/\/lehmann-ambiente.ch\/wp-content\/uploads\/2024\/07\/floor_03-300x221.png 300w, https:\/\/lehmann-ambiente.ch\/wp-content\/uploads\/2024\/07\/floor_03-768x566.png 768w, https:\/\/lehmann-ambiente.ch\/wp-content\/uploads\/2024\/07\/floor_03-1536x1131.png 1536w, https:\/\/lehmann-ambiente.ch\/wp-content\/uploads\/2024\/07\/floor_03-16x12.png 16w, https:\/\/lehmann-ambiente.ch\/wp-content\/uploads\/2024\/07\/floor_03-600x442.png 600w, https:\/\/lehmann-ambiente.ch\/wp-content\/uploads\/2024\/07\/floor_03.png 1920w\" sizes=\"(max-width: 800px) 100vw, 800px\" \/>\t\t\t\t\t\t\t\t\t\t\t\t\t\t\t<\/div>\n\t\t\t\t\t<\/div>\n\t\t\t\t<\/div>\n\t\t<div class=\"elementor-element elementor-element-8f711a3 e-con-full e-flex e-con e-parent\" data-id=\"8f711a3\" data-element_type=\"container\" data-e-type=\"container\" data-settings=\"{&quot;jet_parallax_layout_list&quot;:[]}\">\n\t\t\t\t<div class=\"elementor-element elementor-element-9a29594 linear-slider elementor-skin-carousel elementor-widget elementor-widget-media-carousel\" data-id=\"9a29594\" data-element_type=\"widget\" data-e-type=\"widget\" data-settings=\"{&quot;slides_per_view&quot;:&quot;5&quot;,&quot;slides_per_view_laptop&quot;:&quot;4&quot;,&quot;slides_per_view_tablet&quot;:&quot;3&quot;,&quot;slides_to_scroll&quot;:&quot;1&quot;,&quot;slides_to_scroll_laptop&quot;:&quot;1&quot;,&quot;slides_to_scroll_tablet&quot;:&quot;1&quot;,&quot;speed&quot;:5000,&quot;autoplay_speed&quot;:0,&quot;space_between&quot;:{&quot;unit&quot;:&quot;px&quot;,&quot;size&quot;:100,&quot;sizes&quot;:[]},&quot;space_between_widescreen&quot;:{&quot;unit&quot;:&quot;px&quot;,&quot;size&quot;:200,&quot;sizes&quot;:[]},&quot;space_between_laptop&quot;:{&quot;unit&quot;:&quot;px&quot;,&quot;size&quot;:50,&quot;sizes&quot;:[]},&quot;space_between_tablet&quot;:{&quot;unit&quot;:&quot;px&quot;,&quot;size&quot;:50,&quot;sizes&quot;:[]},&quot;space_between_mobile&quot;:{&quot;unit&quot;:&quot;px&quot;,&quot;size&quot;:0,&quot;sizes&quot;:[]},&quot;skin&quot;:&quot;carousel&quot;,&quot;effect&quot;:&quot;slide&quot;,&quot;autoplay&quot;:&quot;yes&quot;,&quot;loop&quot;:&quot;yes&quot;}\" data-widget_type=\"media-carousel.default\">\n\t\t\t\t\t\t\t\t\t\t<div class=\"elementor-main-swiper swiper\" role=\"region\" aria-roledescription=\"carousel\" aria-label=\"Slides\">\n\t\t\t\t<div class=\"swiper-wrapper\">\n\t\t\t\t\t\t\t\t\t\t\t<div class=\"swiper-slide\" role=\"group\" aria-roledescription=\"slide\">\n\t\t\t\t\t\t\t\t\t<div class=\"elementor-carousel-image\" role=\"img\" aria-label=\"Parquets Bauwerk\" style=\"background-image: url(&#039;https:\/\/lehmann-ambiente.ch\/wp-content\/uploads\/2024\/07\/Bauwerk-Logo.svg-300x90.png&#039;)\">\n\n\t\t\t\n\t\t\t\t\t<\/div>\n\t\t\t\t\t\t\t\t<\/div>\n\t\t\t\t\t\t\t\t\t\t\t<div class=\"swiper-slide\" role=\"group\" aria-roledescription=\"slide\">\n\t\t\t\t\t\t\t\t\t<div class=\"elementor-carousel-image\" role=\"img\" aria-label=\"Holzpunkt Sols en bois\" style=\"background-image: url(&#039;https:\/\/lehmann-ambiente.ch\/wp-content\/uploads\/2024\/07\/Holzpunkt-300x141.jpg&#039;)\">\n\n\t\t\t\n\t\t\t\t\t<\/div>\n\t\t\t\t\t\t\t\t<\/div>\n\t\t\t\t\t\t\t\t\t\t\t<div class=\"swiper-slide\" role=\"group\" aria-roledescription=\"slide\">\n\t\t\t\t\t\t\t\t\t<div class=\"elementor-carousel-image\" role=\"img\" aria-label=\"Kuratle Jaecker Sols en bois\" style=\"background-image: url(&#039;https:\/\/lehmann-ambiente.ch\/wp-content\/uploads\/2024\/07\/Kuratle-Jaecker.png&#039;)\">\n\n\t\t\t\n\t\t\t\t\t<\/div>\n\t\t\t\t\t\t\t\t<\/div>\n\t\t\t\t\t\t\t\t\t\t\t<div class=\"swiper-slide\" role=\"group\" aria-roledescription=\"slide\">\n\t\t\t\t\t\t\t\t\t<div class=\"elementor-carousel-image\" role=\"img\" aria-label=\"forbo rev\u00eatements de sol de haute qualit\u00e9\" style=\"background-image: url(&#039;https:\/\/lehmann-ambiente.ch\/wp-content\/uploads\/2024\/07\/forbo_logo-300x111.png&#039;)\">\n\n\t\t\t\n\t\t\t\t\t<\/div>\n\t\t\t\t\t\t\t\t<\/div>\n\t\t\t\t\t\t\t\t\t\t\t<div class=\"swiper-slide\" role=\"group\" aria-roledescription=\"slide\">\n\t\t\t\t\t\t\t\t\t<div class=\"elementor-carousel-image\" role=\"img\" aria-label=\"moquettes fabromont \u00e0 boules\" style=\"background-image: url(&#039;https:\/\/lehmann-ambiente.ch\/wp-content\/uploads\/2024\/07\/fabromont-logo-mit-tagline-rot-300x82.jpg&#039;)\">\n\n\t\t\t\n\t\t\t\t\t<\/div>\n\t\t\t\t\t\t\t\t<\/div>\n\t\t\t\t\t\t\t\t\t\t\t<div class=\"swiper-slide\" role=\"group\" aria-roledescription=\"slide\">\n\t\t\t\t\t\t\t\t\t<div class=\"elementor-carousel-image\" role=\"img\" aria-label=\"Moquettes Ruckstuhl\" style=\"background-image: url(&#039;https:\/\/lehmann-ambiente.ch\/wp-content\/uploads\/2024\/07\/Ruckstuhl-300x23.png&#039;)\">\n\n\t\t\t\n\t\t\t\t\t<\/div>\n\t\t\t\t\t\t\t\t<\/div>\n\t\t\t\t\t\t\t\t\t\t\t<div class=\"swiper-slide\" role=\"group\" aria-roledescription=\"slide\">\n\t\t\t\t\t\t\t\t\t<div class=\"elementor-carousel-image\" role=\"img\" aria-label=\"Tapis faits main Tisca\" style=\"background-image: url(&#039;https:\/\/lehmann-ambiente.ch\/wp-content\/uploads\/2024\/07\/tisca_logo_austria_positiv-300x125.png&#039;)\">\n\n\t\t\t\n\t\t\t\t\t<\/div>\n\t\t\t\t\t\t\t\t<\/div>\n\t\t\t\t\t\t\t\t\t\t\t<div class=\"swiper-slide\" role=\"group\" aria-roledescription=\"slide\">\n\t\t\t\t\t\t\t\t\t<div class=\"elementor-carousel-image\" role=\"img\" aria-label=\"JAB Tapis et moquette\" style=\"background-image: url(&#039;https:\/\/lehmann-ambiente.ch\/wp-content\/uploads\/2024\/07\/JAB-Anstoetz-300x163.png&#039;)\">\n\n\t\t\t\n\t\t\t\t\t<\/div>\n\t\t\t\t\t\t\t\t<\/div>\n\t\t\t\t\t\t\t\t\t\t\t<div class=\"swiper-slide\" role=\"group\" aria-roledescription=\"slide\">\n\t\t\t\t\t\t\t\t\t<div class=\"elementor-carousel-image\" role=\"img\" aria-label=\"Rev\u00eatement de sol en caoutchouc nora\" style=\"background-image: url(&#039;https:\/\/lehmann-ambiente.ch\/wp-content\/uploads\/2024\/07\/nora_logo_black_svg-300x143.png&#039;)\">\n\n\t\t\t\n\t\t\t\t\t<\/div>\n\t\t\t\t\t\t\t\t<\/div>\n\t\t\t\t\t\t\t\t\t\t\t<div class=\"swiper-slide\" role=\"group\" aria-roledescription=\"slide\">\n\t\t\t\t\t\t\t\t\t<div class=\"elementor-carousel-image\" role=\"img\" aria-label=\"ab-collection\" style=\"background-image: url(&#039;https:\/\/lehmann-ambiente.ch\/wp-content\/uploads\/2026\/03\/ab-collection-300x243.png&#039;)\">\n\n\t\t\t\n\t\t\t\t\t<\/div>\n\t\t\t\t\t\t\t\t<\/div>\n\t\t\t\t\t\t\t\t\t<\/div>\n\t\t\t\t\t\t\t\t\t\t\t\t\t\t\t\t\t\t\t\t\t<\/div>\n\t\t\t\t\t\t\t\t<\/div>\n\t\t\t\t<\/div>\n\t\t<div class=\"elementor-element elementor-element-769bc61 e-flex e-con-boxed e-con e-parent\" data-id=\"769bc61\" data-element_type=\"container\" data-e-type=\"container\" data-settings=\"{&quot;jet_parallax_layout_list&quot;:[]}\">\n\t\t\t\t\t<div class=\"e-con-inner\">\n\t\t<div class=\"elementor-element elementor-element-4c27549 e-con-full e-flex e-con e-child\" data-id=\"4c27549\" data-element_type=\"container\" data-e-type=\"container\" data-settings=\"{&quot;jet_parallax_layout_list&quot;:[]}\">\n\t\t<div class=\"elementor-element elementor-element-4f25556 e-con-full e-flex e-con e-child\" data-id=\"4f25556\" data-element_type=\"container\" data-e-type=\"container\" data-settings=\"{&quot;jet_parallax_layout_list&quot;:[]}\">\n\t\t\t\t<div class=\"elementor-element elementor-element-afd6255 elementor-widget elementor-widget-heading\" data-id=\"afd6255\" data-element_type=\"widget\" data-e-type=\"widget\" data-widget_type=\"heading.default\">\n\t\t\t\t\t<div class=\"elementor-heading-title elementor-size-default\">Premier entretien sans engagement<\/div>\t\t\t\t<\/div>\n\t\t\t\t<div class=\"elementor-element elementor-element-b27be1a elementor-widget elementor-widget-text-editor\" data-id=\"b27be1a\" data-element_type=\"widget\" data-e-type=\"widget\" data-widget_type=\"text-editor.default\">\n\t\t\t\t\t\t\t\t\t<p>Le processus commence par un premier entretien sans engagement avec Manfred Haymoz, au cours duquel vos exigences et souhaits sp\u00e9cifiques sont recens\u00e9s. Lors de cet entretien, les diff\u00e9rentes options de rev\u00eatements de sol, les harmonies de couleurs et les propositions de design sont discut\u00e9es. Les contraintes budg\u00e9taires et le calendrier sont \u00e9galement abord\u00e9s.<\/p>\t\t\t\t\t\t\t\t<\/div>\n\t\t\t\t<\/div>\n\t\t<div class=\"elementor-element elementor-element-1783557 e-con-full e-flex e-con e-child\" data-id=\"1783557\" data-element_type=\"container\" data-e-type=\"container\" data-settings=\"{&quot;background_background&quot;:&quot;classic&quot;,&quot;position&quot;:&quot;absolute&quot;,&quot;jet_parallax_layout_list&quot;:[]}\">\n\t\t\t\t<div class=\"elementor-element elementor-element-a9245ca elementor-widget elementor-widget-heading\" data-id=\"a9245ca\" data-element_type=\"widget\" data-e-type=\"widget\" data-widget_type=\"heading.default\">\n\t\t\t\t\t<div class=\"elementor-heading-title elementor-size-default\">1<\/div>\t\t\t\t<\/div>\n\t\t\t\t<\/div>\n\t\t<div class=\"elementor-element elementor-element-a4aa6c5 e-con-full elementor-hidden-mobile e-flex e-con e-child\" data-id=\"a4aa6c5\" data-element_type=\"container\" data-e-type=\"container\" data-settings=\"{&quot;background_background&quot;:&quot;classic&quot;,&quot;position&quot;:&quot;absolute&quot;,&quot;jet_parallax_layout_list&quot;:[]}\">\n\t\t\t\t<\/div>\n\t\t\t\t<\/div>\n\t\t<div class=\"elementor-element elementor-element-fc7cb5c e-con-full e-flex e-con e-child\" data-id=\"fc7cb5c\" data-element_type=\"container\" data-e-type=\"container\" data-settings=\"{&quot;jet_parallax_layout_list&quot;:[]}\">\n\t\t<div class=\"elementor-element elementor-element-233172d e-con-full e-flex e-con e-child\" data-id=\"233172d\" data-element_type=\"container\" data-e-type=\"container\" data-settings=\"{&quot;jet_parallax_layout_list&quot;:[]}\">\n\t\t\t\t<div class=\"elementor-element elementor-element-d84eec0 elementor-widget elementor-widget-heading\" data-id=\"d84eec0\" data-element_type=\"widget\" data-e-type=\"widget\" data-widget_type=\"heading.default\">\n\t\t\t\t\t<div class=\"elementor-heading-title elementor-size-default\">Mesure et analyse pr\u00e9cises<\/div>\t\t\t\t<\/div>\n\t\t\t\t<div class=\"elementor-element elementor-element-d2bb745 elementor-widget elementor-widget-text-editor\" data-id=\"d2bb745\" data-element_type=\"widget\" data-e-type=\"widget\" data-widget_type=\"text-editor.default\">\n\t\t\t\t\t\t\t\t\t<p>Nous nous rendons sur place pour prendre des mesures pr\u00e9cises. Cela comprend l'\u00e9valuation des dimensions de la pi\u00e8ce, l'analyse de la nature du support et la prise en compte des particularit\u00e9s architecturales telles que les escaliers, les niches ou les transitions. Ces donn\u00e9es sont essentielles pour une planification et un calcul pr\u00e9cis des mat\u00e9riaux. Dans le cas d'une nouvelle construction, nous analysons la situation initiale \u00e0 l'aide des plans de construction et des visualisations existantes.<\/p>\t\t\t\t\t\t\t\t<\/div>\n\t\t\t\t<\/div>\n\t\t<div class=\"elementor-element elementor-element-67b064d e-con-full e-flex e-con e-child\" data-id=\"67b064d\" data-element_type=\"container\" data-e-type=\"container\" data-settings=\"{&quot;background_background&quot;:&quot;classic&quot;,&quot;position&quot;:&quot;absolute&quot;,&quot;jet_parallax_layout_list&quot;:[]}\">\n\t\t\t\t<div class=\"elementor-element elementor-element-3e6e2d1 elementor-widget elementor-widget-heading\" data-id=\"3e6e2d1\" data-element_type=\"widget\" data-e-type=\"widget\" data-widget_type=\"heading.default\">\n\t\t\t\t\t<div class=\"elementor-heading-title elementor-size-default\">2<\/div>\t\t\t\t<\/div>\n\t\t\t\t<\/div>\n\t\t<div class=\"elementor-element elementor-element-e6b0757 e-con-full elementor-hidden-mobile e-flex e-con e-child\" data-id=\"e6b0757\" data-element_type=\"container\" data-e-type=\"container\" data-settings=\"{&quot;background_background&quot;:&quot;classic&quot;,&quot;position&quot;:&quot;absolute&quot;,&quot;jet_parallax_layout_list&quot;:[]}\">\n\t\t\t\t<\/div>\n\t\t\t\t<\/div>\n\t\t<div class=\"elementor-element elementor-element-8f71bb6 e-con-full e-flex e-con e-child\" data-id=\"8f71bb6\" data-element_type=\"container\" data-e-type=\"container\" data-settings=\"{&quot;jet_parallax_layout_list&quot;:[]}\">\n\t\t<div class=\"elementor-element elementor-element-385ca9a e-con-full e-flex e-con e-child\" data-id=\"385ca9a\" data-element_type=\"container\" data-e-type=\"container\" data-settings=\"{&quot;jet_parallax_layout_list&quot;:[]}\">\n\t\t\t\t<div class=\"elementor-element elementor-element-ae91963 elementor-widget elementor-widget-heading\" data-id=\"ae91963\" data-element_type=\"widget\" data-e-type=\"widget\" data-widget_type=\"heading.default\">\n\t\t\t\t\t<div class=\"elementor-heading-title elementor-size-default\">Choix des mat\u00e9riaux et pr\u00e9sentation de l'offre<\/div>\t\t\t\t<\/div>\n\t\t\t\t<div class=\"elementor-element elementor-element-31ff114 elementor-widget elementor-widget-text-editor\" data-id=\"31ff114\" data-element_type=\"widget\" data-e-type=\"widget\" data-widget_type=\"text-editor.default\">\n\t\t\t\t\t\t\t\t\t<p>Sur la base de la situation initiale et du concept d\u00e9velopp\u00e9, une s\u00e9lection de rev\u00eatements de sol adapt\u00e9s est pr\u00e9sent\u00e9e. Lehmann Ambiente met l'accent sur des mat\u00e9riaux de haute qualit\u00e9 et propose des options qui sont \u00e0 la fois esth\u00e9tiques et fonctionnelles. Une offre d\u00e9taill\u00e9e est ensuite \u00e9tablie, qui pr\u00e9sente de mani\u00e8re transparente les co\u00fbts des mat\u00e9riaux, de la pose et des \u00e9ventuels travaux suppl\u00e9mentaires.<\/p>\t\t\t\t\t\t\t\t<\/div>\n\t\t\t\t<\/div>\n\t\t<div class=\"elementor-element elementor-element-557a219 e-con-full e-flex e-con e-child\" data-id=\"557a219\" data-element_type=\"container\" data-e-type=\"container\" data-settings=\"{&quot;background_background&quot;:&quot;classic&quot;,&quot;position&quot;:&quot;absolute&quot;,&quot;jet_parallax_layout_list&quot;:[]}\">\n\t\t\t\t<div class=\"elementor-element elementor-element-ee0ba91 elementor-widget elementor-widget-heading\" data-id=\"ee0ba91\" data-element_type=\"widget\" data-e-type=\"widget\" data-widget_type=\"heading.default\">\n\t\t\t\t\t<div class=\"elementor-heading-title elementor-size-default\">3<\/div>\t\t\t\t<\/div>\n\t\t\t\t<\/div>\n\t\t<div class=\"elementor-element elementor-element-85c3e27 e-con-full elementor-hidden-mobile e-flex e-con e-child\" data-id=\"85c3e27\" data-element_type=\"container\" data-e-type=\"container\" data-settings=\"{&quot;background_background&quot;:&quot;classic&quot;,&quot;position&quot;:&quot;absolute&quot;,&quot;jet_parallax_layout_list&quot;:[]}\">\n\t\t\t\t<\/div>\n\t\t\t\t<\/div>\n\t\t<div class=\"elementor-element elementor-element-953baf7 e-con-full e-flex e-con e-child\" data-id=\"953baf7\" data-element_type=\"container\" data-e-type=\"container\" data-settings=\"{&quot;jet_parallax_layout_list&quot;:[]}\">\n\t\t<div class=\"elementor-element elementor-element-9891dea e-con-full e-flex e-con e-child\" data-id=\"9891dea\" data-element_type=\"container\" data-e-type=\"container\" data-settings=\"{&quot;jet_parallax_layout_list&quot;:[]}\">\n\t\t\t\t<div class=\"elementor-element elementor-element-24c7d65 elementor-widget elementor-widget-heading\" data-id=\"24c7d65\" data-element_type=\"widget\" data-e-type=\"widget\" data-widget_type=\"heading.default\">\n\t\t\t\t\t<div class=\"elementor-heading-title elementor-size-default\">Pr\u00e9paration du support<\/div>\t\t\t\t<\/div>\n\t\t\t\t<div class=\"elementor-element elementor-element-2b38452 elementor-widget elementor-widget-text-editor\" data-id=\"2b38452\" data-element_type=\"widget\" data-e-type=\"widget\" data-widget_type=\"text-editor.default\">\n\t\t\t\t\t\t\t\t\t<p>Avant la pose, le support est soigneusement pr\u00e9par\u00e9. Cette \u00e9tape peut consister \u00e0 enlever les anciens rev\u00eatements de sol, \u00e0 \u00e9galiser le sol ou \u00e0 poser des isolants phoniques. Une pr\u00e9paration minutieuse est essentielle pour garantir la long\u00e9vit\u00e9 et la qualit\u00e9 du nouveau rev\u00eatement de sol.<\/p>\t\t\t\t\t\t\t\t<\/div>\n\t\t\t\t<\/div>\n\t\t<div class=\"elementor-element elementor-element-7e03cce e-con-full e-flex e-con e-child\" data-id=\"7e03cce\" data-element_type=\"container\" data-e-type=\"container\" data-settings=\"{&quot;background_background&quot;:&quot;classic&quot;,&quot;position&quot;:&quot;absolute&quot;,&quot;jet_parallax_layout_list&quot;:[]}\">\n\t\t\t\t<div class=\"elementor-element elementor-element-1f6b029 elementor-widget elementor-widget-heading\" data-id=\"1f6b029\" data-element_type=\"widget\" data-e-type=\"widget\" data-widget_type=\"heading.default\">\n\t\t\t\t\t<div class=\"elementor-heading-title elementor-size-default\">4<\/div>\t\t\t\t<\/div>\n\t\t\t\t<\/div>\n\t\t<div class=\"elementor-element elementor-element-6d41561 e-con-full elementor-hidden-mobile e-flex e-con e-child\" data-id=\"6d41561\" data-element_type=\"container\" data-e-type=\"container\" data-settings=\"{&quot;background_background&quot;:&quot;classic&quot;,&quot;position&quot;:&quot;absolute&quot;,&quot;jet_parallax_layout_list&quot;:[]}\">\n\t\t\t\t<\/div>\n\t\t\t\t<\/div>\n\t\t<div class=\"elementor-element elementor-element-79ebce2 e-con-full e-flex e-con e-child\" data-id=\"79ebce2\" data-element_type=\"container\" data-e-type=\"container\" data-settings=\"{&quot;jet_parallax_layout_list&quot;:[]}\">\n\t\t<div class=\"elementor-element elementor-element-531c165 e-con-full e-flex e-con e-child\" data-id=\"531c165\" data-element_type=\"container\" data-e-type=\"container\" data-settings=\"{&quot;jet_parallax_layout_list&quot;:[]}\">\n\t\t\t\t<div class=\"elementor-element elementor-element-b588013 elementor-widget elementor-widget-heading\" data-id=\"b588013\" data-element_type=\"widget\" data-e-type=\"widget\" data-widget_type=\"heading.default\">\n\t\t\t\t\t<div class=\"elementor-heading-title elementor-size-default\">Pose et contr\u00f4le final<\/div>\t\t\t\t<\/div>\n\t\t\t\t<div class=\"elementor-element elementor-element-5455a16 elementor-widget elementor-widget-text-editor\" data-id=\"5455a16\" data-element_type=\"widget\" data-e-type=\"widget\" data-widget_type=\"text-editor.default\">\n\t\t\t\t\t\t\t\t\t<p>La derni\u00e8re \u00e9tape consiste en la pose professionnelle du rev\u00eatement de sol choisi. Les poseurs de sol de Lehmann Ambiente travaillent avec pr\u00e9cision afin de garantir un ajustement parfait et un aspect impeccable. Apr\u00e8s la pose, un contr\u00f4le final est effectu\u00e9 afin de s'assurer que le rev\u00eatement de sol a \u00e9t\u00e9 pos\u00e9 correctement et que toutes les normes de qualit\u00e9 sont respect\u00e9es.<\/p>\t\t\t\t\t\t\t\t<\/div>\n\t\t\t\t<\/div>\n\t\t<div class=\"elementor-element elementor-element-167b85e e-con-full e-flex e-con e-child\" data-id=\"167b85e\" data-element_type=\"container\" data-e-type=\"container\" data-settings=\"{&quot;background_background&quot;:&quot;classic&quot;,&quot;position&quot;:&quot;absolute&quot;,&quot;jet_parallax_layout_list&quot;:[]}\">\n\t\t\t\t<div class=\"elementor-element elementor-element-ca5dc31 elementor-widget elementor-widget-heading\" data-id=\"ca5dc31\" data-element_type=\"widget\" data-e-type=\"widget\" data-widget_type=\"heading.default\">\n\t\t\t\t\t<div class=\"elementor-heading-title elementor-size-default\">5<\/div>\t\t\t\t<\/div>\n\t\t\t\t<\/div>\n\t\t<div class=\"elementor-element elementor-element-a487f4f e-con-full elementor-hidden-mobile e-flex e-con e-child\" data-id=\"a487f4f\" data-element_type=\"container\" data-e-type=\"container\" data-settings=\"{&quot;background_background&quot;:&quot;classic&quot;,&quot;position&quot;:&quot;absolute&quot;,&quot;jet_parallax_layout_list&quot;:[]}\">\n\t\t\t\t<\/div>\n\t\t\t\t<\/div>\n\t\t\t\t\t<\/div>\n\t\t\t\t<\/div>\n\t\t<div class=\"elementor-element elementor-element-d26c1a4 e-con-full e-flex e-con e-parent\" data-id=\"d26c1a4\" data-element_type=\"container\" data-e-type=\"container\" data-settings=\"{&quot;jet_parallax_layout_list&quot;:[]}\">\n\t\t\t\t<div class=\"elementor-element elementor-element-878e304 elementor-widget elementor-widget-shortcode\" data-id=\"878e304\" data-element_type=\"widget\" data-e-type=\"widget\" data-widget_type=\"shortcode.default\">\n\t\t\t\t\t\t\t<div class=\"elementor-shortcode\">\t\t<div data-elementor-type=\"section\" data-elementor-id=\"8109\" class=\"elementor elementor-8109\" data-elementor-post-type=\"elementor_library\">\n\t\t\t<div class=\"elementor-element elementor-element-7e4d92e e-flex e-con-boxed e-con e-parent\" data-id=\"7e4d92e\" data-element_type=\"container\" data-e-type=\"container\" data-settings=\"{&quot;background_background&quot;:&quot;classic&quot;,&quot;jet_parallax_layout_list&quot;:[]}\">\n\t\t\t\t\t<div class=\"e-con-inner\">\n\t\t<div class=\"elementor-element elementor-element-7b2020f e-con-full e-flex e-con e-child\" data-id=\"7b2020f\" data-element_type=\"container\" data-e-type=\"container\" data-settings=\"{&quot;jet_parallax_layout_list&quot;:[]}\">\n\t\t\t\t<div class=\"elementor-element elementor-element-2f19ab3 elementor-widget elementor-widget-heading\" data-id=\"2f19ab3\" data-element_type=\"widget\" data-e-type=\"widget\" data-widget_type=\"heading.default\">\n\t\t\t\t\t<div class=\"elementor-heading-title elementor-size-default\">Vous avez des questions ?<\/div>\t\t\t\t<\/div>\n\t\t\t\t<div class=\"elementor-element elementor-element-94ecd94 elementor-widget elementor-widget-text-editor\" data-id=\"94ecd94\" data-element_type=\"widget\" data-e-type=\"widget\" data-widget_type=\"text-editor.default\">\n\t\t\t\t\t\t\t\t\t<p>Contactez d\u00e8s aujourd'hui notre sp\u00e9cialiste des rev\u00eatements de sol et de l'ambiance.<\/p>\t\t\t\t\t\t\t\t<\/div>\n\t\t\t\t<div class=\"elementor-element elementor-element-02830fc elementor-widget elementor-widget-button\" data-id=\"02830fc\" data-element_type=\"widget\" data-e-type=\"widget\" data-widget_type=\"button.default\">\n\t\t\t\t\t\t\t\t\t\t<a class=\"elementor-button elementor-button-link elementor-size-sm\" href=\"#elementor-action%3Aaction%3Dpopup%3Aopen%26settings%3DeyJpZCI6Ijg3NDEiLCJ0b2dnbGUiOmZhbHNlfQ%3D%3D\">\n\t\t\t\t\t\t<span class=\"elementor-button-content-wrapper\">\n\t\t\t\t\t\t\t\t\t<span class=\"elementor-button-text\">Prendre contact<\/span>\n\t\t\t\t\t<\/span>\n\t\t\t\t\t<\/a>\n\t\t\t\t\t\t\t\t<\/div>\n\t\t\t\t<\/div>\n\t\t<div class=\"elementor-element elementor-element-bcd277a e-con-full e-flex e-con e-child\" data-id=\"bcd277a\" data-element_type=\"container\" data-e-type=\"container\" data-settings=\"{&quot;jet_parallax_layout_list&quot;:[]}\">\n\t\t\t\t<div class=\"elementor-element elementor-element-668e21d elementor-widget elementor-widget-image\" data-id=\"668e21d\" data-element_type=\"widget\" data-e-type=\"widget\" data-widget_type=\"image.default\">\n\t\t\t\t\t\t\t\t\t\t\t\t\t\t\t<img decoding=\"async\" width=\"1\" height=\"1\" src=\"https:\/\/lehmann-ambiente.ch\/wp-content\/uploads\/2026\/04\/e3_mitarbeiterfotos_lehmann-ambiente_web_1080x1080_Manfred-Haymoz.jpg\" class=\"attachment-large size-large wp-image-12850\" alt=\"\" \/>\t\t\t\t\t\t\t\t\t\t\t\t\t\t\t<\/div>\n\t\t<div class=\"elementor-element elementor-element-b87b6b1 e-con-full e-flex e-con e-child\" data-id=\"b87b6b1\" data-element_type=\"container\" data-e-type=\"container\" data-settings=\"{&quot;jet_parallax_layout_list&quot;:[]}\">\n\t\t\t\t<div class=\"elementor-element elementor-element-0ddebe8 elementor-widget elementor-widget-heading\" data-id=\"0ddebe8\" data-element_type=\"widget\" data-e-type=\"widget\" data-widget_type=\"heading.default\">\n\t\t\t\t\t<span class=\"elementor-heading-title elementor-size-default\">Manfred Haymoz<\/span>\t\t\t\t<\/div>\n\t\t\t\t<div class=\"elementor-element elementor-element-5823e61 elementor-widget__width-inherit elementor-widget elementor-widget-text-editor\" data-id=\"5823e61\" data-element_type=\"widget\" data-e-type=\"widget\" data-widget_type=\"text-editor.default\">\n\t\t\t\t\t\t\t\t\t<p>Sp\u00e9cialiste des rev\u00eatements de sol<\/p>\t\t\t\t\t\t\t\t<\/div>\n\t\t\t\t<\/div>\n\t\t\t\t<\/div>\n\t\t\t\t\t<\/div>\n\t\t\t\t<\/div>\n\t\t\t\t<\/div>\n\t\t<\/div>\n\t\t\t\t\t\t<\/div>\n\t\t\t\t<\/div>\n\t\t\t\t<\/div>","protected":false},"excerpt":{"rendered":"<p>Wir legen B\u00f6den Die Anforderungen f\u00fcr einen Bodenbelag sind je nach Standort sehr unterschiedlich. Gerne zeigen wir Ihnen die Vorz\u00fcge der diversen Bel\u00e4ge und finden gemeinsam das f\u00fcr Sie optimale Produkt. Qualit\u00e4t bei der Beratung, dem Material und beim Verlegen wird bei uns grossgeschrieben. Unverbindliches Erstgespr\u00e4ch Der Prozess beginnt mit einem unverbindlichen Erstgespr\u00e4ch mit Manfred [&hellip;]<\/p>\n","protected":false},"author":56,"featured_media":12738,"parent":0,"menu_order":0,"comment_status":"closed","ping_status":"closed","template":"","meta":{"_acf_changed":false,"footnotes":""},"class_list":["post-8803","page","type-page","status-publish","has-post-thumbnail","hentry"],"acf":[],"_links":{"self":[{"href":"https:\/\/lehmann-ambiente.ch\/fr\/wp-json\/wp\/v2\/pages\/8803","targetHints":{"allow":["GET"]}}],"collection":[{"href":"https:\/\/lehmann-ambiente.ch\/fr\/wp-json\/wp\/v2\/pages"}],"about":[{"href":"https:\/\/lehmann-ambiente.ch\/fr\/wp-json\/wp\/v2\/types\/page"}],"author":[{"embeddable":true,"href":"https:\/\/lehmann-ambiente.ch\/fr\/wp-json\/wp\/v2\/users\/56"}],"replies":[{"embeddable":true,"href":"https:\/\/lehmann-ambiente.ch\/fr\/wp-json\/wp\/v2\/comments?post=8803"}],"version-history":[{"count":4,"href":"https:\/\/lehmann-ambiente.ch\/fr\/wp-json\/wp\/v2\/pages\/8803\/revisions"}],"predecessor-version":[{"id":12792,"href":"https:\/\/lehmann-ambiente.ch\/fr\/wp-json\/wp\/v2\/pages\/8803\/revisions\/12792"}],"wp:featuredmedia":[{"embeddable":true,"href":"https:\/\/lehmann-ambiente.ch\/fr\/wp-json\/wp\/v2\/media\/12738"}],"wp:attachment":[{"href":"https:\/\/lehmann-ambiente.ch\/fr\/wp-json\/wp\/v2\/media?parent=8803"}],"curies":[{"name":"wp","href":"https:\/\/api.w.org\/{rel}","templated":true}]}}