{"id":89,"date":"2023-04-11T09:33:14","date_gmt":"2023-04-11T07:33:14","guid":{"rendered":"http:\/\/lehmann-ambiente.ch\/?page_id=89"},"modified":"2026-02-26T13:45:22","modified_gmt":"2026-02-26T12:45:22","slug":"home","status":"publish","type":"page","link":"https:\/\/lehmann-ambiente.ch\/fr\/","title":{"rendered":"Accueil"},"content":{"rendered":"\t\t<div data-elementor-type=\"wp-page\" data-elementor-id=\"89\" class=\"elementor elementor-89\" data-elementor-post-type=\"page\">\n\t\t\t\t<div class=\"elementor-element elementor-element-c7742bd e-con-full e-flex e-con e-parent\" data-id=\"c7742bd\" data-element_type=\"container\" data-e-type=\"container\" data-settings=\"{&quot;jet_parallax_layout_list&quot;:[]}\">\n\t\t<div data-dce-background-overlay-color=\"#000000\" class=\"elementor-element elementor-element-af97706 e-con-full e-flex e-con e-child\" data-id=\"af97706\" data-element_type=\"container\" data-e-type=\"container\" data-settings=\"{&quot;background_background&quot;:&quot;video&quot;,&quot;background_video_start&quot;:0,&quot;background_video_end&quot;:100,&quot;background_play_on_mobile&quot;:&quot;yes&quot;,&quot;jet_parallax_layout_list&quot;:[],&quot;background_play_once&quot;:&quot;yes&quot;,&quot;background_video_link&quot;:&quot;https:\\\/\\\/lehmann-ambiente.ch\\\/wp-content\\\/uploads\\\/2024\\\/02\\\/lehmann-home.mp4&quot;}\">\n\t\t<div class=\"elementor-background-video-container\">\n\t\t\t\t\t\t\t<video class=\"elementor-background-video-hosted\" role=\"presentation\" autoplay muted playsinline><\/video>\n\t\t\t\t\t<\/div>\t\t<\/div>\n\t\t<div data-dce-background-overlay-color=\"#FFFFFF00\" class=\"elementor-element elementor-element-188d1f5 e-con-full e-flex e-con e-child\" data-id=\"188d1f5\" data-element_type=\"container\" data-e-type=\"container\" data-settings=\"{&quot;jet_parallax_layout_list&quot;:[],&quot;position&quot;:&quot;absolute&quot;}\">\n\t\t\t\t<div data-dce-title-color=\"#FFFFFF\" class=\"elementor-element elementor-element-85ab03c elementor-widget__width-auto elementor-widget elementor-widget-heading\" data-id=\"85ab03c\" data-element_type=\"widget\" data-e-type=\"widget\" data-widget_type=\"heading.default\">\n\t\t\t\t\t<h1 class=\"elementor-heading-title elementor-size-default\">Lehmann Ambiente<\/h1>\t\t\t\t<\/div>\n\t\t\t\t<div class=\"elementor-element elementor-element-fd2e78d elementor-widget__width-initial elementor-widget elementor-widget-heading\" data-id=\"fd2e78d\" data-element_type=\"widget\" data-e-type=\"widget\" data-widget_type=\"heading.default\">\n\t\t\t\t\t<h2 class=\"elementor-heading-title elementor-size-default\">Entdecken Sie die Kunst des Wohnens<\/h2>\t\t\t\t<\/div>\n\t\t\t\t<\/div>\n\t\t\t\t<\/div>\n\t\t<div class=\"elementor-element elementor-element-6851104 e-flex e-con-boxed e-con e-child\" data-id=\"6851104\" data-element_type=\"container\" data-e-type=\"container\" data-settings=\"{&quot;background_background&quot;:&quot;classic&quot;,&quot;jet_parallax_layout_list&quot;:[]}\">\n\t\t\t\t\t<div class=\"e-con-inner\">\n\t\t\t\t<div class=\"elementor-element elementor-element-c07e1e2 elementor-widget__width-initial elementor-widget elementor-widget-text-editor\" data-id=\"c07e1e2\" data-element_type=\"widget\" data-e-type=\"widget\" data-widget_type=\"text-editor.default\">\n\t\t\t\t\t\t\t\t\t<p>Willkommen bei Lehmann Ambiente, Ihrem exklusiven Partner f\u00fcr aussergew\u00f6hnliches Interior Design. Tauchen Sie ein in eine Welt, in der Design, Qualit\u00e4t und Luxus Hand in Hand gehen. Unsere Einrichtungsspezialisten bringen nicht nur tiefgreifendes Wissen \u00fcber Marken und Produkte mit, sondern auch jahrelange Erfahrung, um jedes Projekt in ein Meisterwerk zu verwandeln.<\/p>\t\t\t\t\t\t\t\t<\/div>\n\t\t\t\t\t<\/div>\n\t\t\t\t<\/div>\n\t\t<div class=\"elementor-element elementor-element-65bf13d e-flex e-con-boxed e-con e-parent\" data-id=\"65bf13d\" data-element_type=\"container\" data-e-type=\"container\" data-settings=\"{&quot;jet_parallax_layout_list&quot;:[]}\">\n\t\t\t\t\t<div class=\"e-con-inner\">\n\t\t\t\t<div class=\"elementor-element elementor-element-7144790 elementor-widget elementor-widget-jet-listing-grid\" data-id=\"7144790\" data-element_type=\"widget\" data-e-type=\"widget\" data-settings=\"{&quot;columns_tablet&quot;:&quot;2&quot;,&quot;columns_mobile&quot;:&quot;1&quot;,&quot;columns&quot;:3}\" data-widget_type=\"jet-listing-grid.default\">\n\t\t\t\t\t<div class=\"jet-listing-grid jet-listing\"><div class=\"jet-listing-grid__items grid-col-desk-3 grid-col-tablet-2 grid-col-mobile-1 jet-listing-grid--3346 jet-equal-columns__wrapper grid-collapse-gap\" data-queried-id=\"89|WP_Post\" data-nav=\"{&quot;enabled&quot;:false,&quot;type&quot;:null,&quot;more_el&quot;:null,&quot;query&quot;:[],&quot;widget_settings&quot;:{&quot;lisitng_id&quot;:3346,&quot;posts_num&quot;:6,&quot;columns&quot;:3,&quot;columns_tablet&quot;:2,&quot;columns_mobile&quot;:1,&quot;column_min_width&quot;:240,&quot;column_min_width_tablet&quot;:240,&quot;column_min_width_mobile&quot;:240,&quot;inline_columns_css&quot;:false,&quot;is_archive_template&quot;:&quot;&quot;,&quot;post_status&quot;:[&quot;publish&quot;],&quot;use_random_posts_num&quot;:&quot;&quot;,&quot;max_posts_num&quot;:9,&quot;not_found_message&quot;:&quot;No data was found&quot;,&quot;is_masonry&quot;:false,&quot;equal_columns_height&quot;:&quot;yes&quot;,&quot;use_load_more&quot;:&quot;&quot;,&quot;load_more_id&quot;:&quot;&quot;,&quot;load_more_type&quot;:&quot;click&quot;,&quot;load_more_offset&quot;:null,&quot;use_custom_post_types&quot;:&quot;&quot;,&quot;custom_post_types&quot;:[],&quot;hide_widget_if&quot;:&quot;&quot;,&quot;carousel_enabled&quot;:&quot;&quot;,&quot;slides_to_scroll&quot;:&quot;1&quot;,&quot;arrows&quot;:&quot;true&quot;,&quot;arrow_icon&quot;:&quot;fa fa-angle-left&quot;,&quot;dots&quot;:&quot;&quot;,&quot;autoplay&quot;:&quot;true&quot;,&quot;pause_on_hover&quot;:&quot;true&quot;,&quot;autoplay_speed&quot;:5000,&quot;infinite&quot;:&quot;true&quot;,&quot;center_mode&quot;:&quot;&quot;,&quot;effect&quot;:&quot;slide&quot;,&quot;speed&quot;:500,&quot;inject_alternative_items&quot;:&quot;&quot;,&quot;injection_items&quot;:[],&quot;scroll_slider_enabled&quot;:&quot;&quot;,&quot;scroll_slider_on&quot;:[&quot;desktop&quot;,&quot;tablet&quot;,&quot;mobile&quot;],&quot;custom_query&quot;:&quot;yes&quot;,&quot;custom_query_id&quot;:&quot;38&quot;,&quot;_element_id&quot;:&quot;&quot;,&quot;collapse_first_last_gap&quot;:&quot;true&quot;,&quot;list_tag_selection&quot;:&quot;&quot;,&quot;list_items_wrapper_tag&quot;:&quot;div&quot;,&quot;list_item_tag&quot;:&quot;div&quot;,&quot;empty_items_wrapper_tag&quot;:&quot;div&quot;}}\" data-page=\"1\" data-pages=\"1\" data-listing-source=\"query\" data-listing-id=\"3346\" data-query-id=\"38\"><div class=\"jet-listing-grid__item jet-listing-dynamic-post-462 jet-equal-columns\" data-post-id=\"462\"  >\t\t<div data-elementor-type=\"jet-listing-items\" data-elementor-id=\"3346\" class=\"elementor elementor-3346\" data-elementor-post-type=\"jet-engine\">\n\t\t\t\t<a class=\"elementor-element elementor-element-93bdffc e-con-full listing-simple e-flex e-con e-parent\" data-id=\"93bdffc\" data-element_type=\"container\" data-e-type=\"container\" data-settings=\"{&quot;jet_parallax_layout_list&quot;:[]}\" href=\"https:\/\/lehmann-ambiente.ch\/fr\/innenarchitektur\/raumgestaltung\/\">\n\t\t<div data-dce-background-color=\"#E9E5E5\" class=\"elementor-element elementor-element-4d6d3b8 e-con-full e-flex e-con e-child\" data-id=\"4d6d3b8\" data-element_type=\"container\" data-e-type=\"container\" data-settings=\"{&quot;background_background&quot;:&quot;classic&quot;,&quot;jet_parallax_layout_list&quot;:[]}\">\n\t\t\t\t<div class=\"elementor-element elementor-element-89e6e58 elementor-widget__width-inherit listing-simple-image elementor-widget elementor-widget-theme-post-featured-image elementor-widget-image\" data-id=\"89e6e58\" data-element_type=\"widget\" data-e-type=\"widget\" data-widget_type=\"theme-post-featured-image.default\">\n\t\t\t\t\t\t\t\t\t\t\t\t\t\t\t<img fetchpriority=\"high\" decoding=\"async\" width=\"800\" height=\"450\" src=\"https:\/\/lehmann-ambiente.ch\/wp-content\/uploads\/2026\/04\/wohnen_rechts_04-2026-1024x576.jpg\" class=\"attachment-large size-large wp-image-12807\" alt=\"\" srcset=\"https:\/\/lehmann-ambiente.ch\/wp-content\/uploads\/2026\/04\/wohnen_rechts_04-2026-1024x576.jpg 1024w, https:\/\/lehmann-ambiente.ch\/wp-content\/uploads\/2026\/04\/wohnen_rechts_04-2026-300x169.jpg 300w, https:\/\/lehmann-ambiente.ch\/wp-content\/uploads\/2026\/04\/wohnen_rechts_04-2026-768x432.jpg 768w, https:\/\/lehmann-ambiente.ch\/wp-content\/uploads\/2026\/04\/wohnen_rechts_04-2026-1536x864.jpg 1536w, https:\/\/lehmann-ambiente.ch\/wp-content\/uploads\/2026\/04\/wohnen_rechts_04-2026-2048x1152.jpg 2048w, https:\/\/lehmann-ambiente.ch\/wp-content\/uploads\/2026\/04\/wohnen_rechts_04-2026-18x10.jpg 18w, https:\/\/lehmann-ambiente.ch\/wp-content\/uploads\/2026\/04\/wohnen_rechts_04-2026-600x338.jpg 600w\" sizes=\"(max-width: 800px) 100vw, 800px\" \/>\t\t\t\t\t\t\t\t\t\t\t\t\t\t\t<\/div>\n\t\t\t\t<\/div>\n\t\t\t\t<div class=\"elementor-element elementor-element-cc68e6b elementor-widget elementor-widget-heading\" data-id=\"cc68e6b\" data-element_type=\"widget\" data-e-type=\"widget\" data-widget_type=\"heading.default\">\n\t\t\t\t\t<h3 class=\"elementor-heading-title elementor-size-default\">Raumgestaltung<\/h3>\t\t\t\t<\/div>\n\t\t\t\t<\/a>\n\t\t\t\t<\/div>\n\t\t<\/div><div class=\"jet-listing-grid__item jet-listing-dynamic-post-79 jet-equal-columns\" data-post-id=\"79\"  >\t\t<div data-elementor-type=\"jet-listing-items\" data-elementor-id=\"3346\" class=\"elementor elementor-3346\" data-elementor-post-type=\"jet-engine\">\n\t\t\t\t<a class=\"elementor-element elementor-element-93bdffc e-con-full listing-simple e-flex e-con e-parent\" data-id=\"93bdffc\" data-element_type=\"container\" data-e-type=\"container\" data-settings=\"{&quot;jet_parallax_layout_list&quot;:[]}\" href=\"https:\/\/lehmann-ambiente.ch\/fr\/innenarchitektur\/beleuchtung\/\">\n\t\t<div data-dce-background-color=\"#E9E5E5\" class=\"elementor-element elementor-element-4d6d3b8 e-con-full e-flex e-con e-child\" data-id=\"4d6d3b8\" data-element_type=\"container\" data-e-type=\"container\" data-settings=\"{&quot;background_background&quot;:&quot;classic&quot;,&quot;jet_parallax_layout_list&quot;:[]}\">\n\t\t\t\t<div class=\"elementor-element elementor-element-89e6e58 elementor-widget__width-inherit listing-simple-image elementor-widget elementor-widget-theme-post-featured-image elementor-widget-image\" data-id=\"89e6e58\" data-element_type=\"widget\" data-e-type=\"widget\" data-widget_type=\"theme-post-featured-image.default\">\n\t\t\t\t\t\t\t\t\t\t\t\t\t\t\t<img decoding=\"async\" width=\"800\" height=\"534\" src=\"https:\/\/lehmann-ambiente.ch\/wp-content\/uploads\/2023\/04\/beleuchtung-1-1024x683.jpg\" class=\"attachment-large size-large wp-image-12712\" alt=\"\" srcset=\"https:\/\/lehmann-ambiente.ch\/wp-content\/uploads\/2023\/04\/beleuchtung-1-1024x683.jpg 1024w, https:\/\/lehmann-ambiente.ch\/wp-content\/uploads\/2023\/04\/beleuchtung-1-300x200.jpg 300w, https:\/\/lehmann-ambiente.ch\/wp-content\/uploads\/2023\/04\/beleuchtung-1-768x512.jpg 768w, https:\/\/lehmann-ambiente.ch\/wp-content\/uploads\/2023\/04\/beleuchtung-1-391x260.jpg 391w, https:\/\/lehmann-ambiente.ch\/wp-content\/uploads\/2023\/04\/beleuchtung-1-1536x1024.jpg 1536w, https:\/\/lehmann-ambiente.ch\/wp-content\/uploads\/2023\/04\/beleuchtung-1-2048x1366.jpg 2048w, https:\/\/lehmann-ambiente.ch\/wp-content\/uploads\/2023\/04\/beleuchtung-1-18x12.jpg 18w, https:\/\/lehmann-ambiente.ch\/wp-content\/uploads\/2023\/04\/beleuchtung-1-600x400.jpg 600w\" sizes=\"(max-width: 800px) 100vw, 800px\" \/>\t\t\t\t\t\t\t\t\t\t\t\t\t\t\t<\/div>\n\t\t\t\t<\/div>\n\t\t\t\t<div class=\"elementor-element elementor-element-cc68e6b elementor-widget elementor-widget-heading\" data-id=\"cc68e6b\" data-element_type=\"widget\" data-e-type=\"widget\" data-widget_type=\"heading.default\">\n\t\t\t\t\t<h3 class=\"elementor-heading-title elementor-size-default\">Beleuchtung<\/h3>\t\t\t\t<\/div>\n\t\t\t\t<\/a>\n\t\t\t\t<\/div>\n\t\t<\/div><div class=\"jet-listing-grid__item jet-listing-dynamic-post-4005 jet-equal-columns\" data-post-id=\"4005\"  >\t\t<div data-elementor-type=\"jet-listing-items\" data-elementor-id=\"3346\" class=\"elementor elementor-3346\" data-elementor-post-type=\"jet-engine\">\n\t\t\t\t<a class=\"elementor-element elementor-element-93bdffc e-con-full listing-simple e-flex e-con e-parent\" data-id=\"93bdffc\" data-element_type=\"container\" data-e-type=\"container\" data-settings=\"{&quot;jet_parallax_layout_list&quot;:[]}\" href=\"https:\/\/lehmann-ambiente.ch\/fr\/innenarchitektur\/vorhaenge\/\">\n\t\t<div data-dce-background-color=\"#E9E5E5\" class=\"elementor-element elementor-element-4d6d3b8 e-con-full e-flex e-con e-child\" data-id=\"4d6d3b8\" data-element_type=\"container\" data-e-type=\"container\" data-settings=\"{&quot;background_background&quot;:&quot;classic&quot;,&quot;jet_parallax_layout_list&quot;:[]}\">\n\t\t\t\t<div class=\"elementor-element elementor-element-89e6e58 elementor-widget__width-inherit listing-simple-image elementor-widget elementor-widget-theme-post-featured-image elementor-widget-image\" data-id=\"89e6e58\" data-element_type=\"widget\" data-e-type=\"widget\" data-widget_type=\"theme-post-featured-image.default\">\n\t\t\t\t\t\t\t\t\t\t\t\t\t\t\t<img decoding=\"async\" width=\"800\" height=\"566\" src=\"https:\/\/lehmann-ambiente.ch\/wp-content\/uploads\/2024\/02\/P_7290000_C0003_W30-HIGH_RGB_TIFF-2-1024x724.jpeg\" class=\"attachment-large size-large wp-image-7036\" alt=\"\" srcset=\"https:\/\/lehmann-ambiente.ch\/wp-content\/uploads\/2024\/02\/P_7290000_C0003_W30-HIGH_RGB_TIFF-2-1024x724.jpeg 1024w, https:\/\/lehmann-ambiente.ch\/wp-content\/uploads\/2024\/02\/P_7290000_C0003_W30-HIGH_RGB_TIFF-2-300x212.jpeg 300w, https:\/\/lehmann-ambiente.ch\/wp-content\/uploads\/2024\/02\/P_7290000_C0003_W30-HIGH_RGB_TIFF-2-768x543.jpeg 768w, https:\/\/lehmann-ambiente.ch\/wp-content\/uploads\/2024\/02\/P_7290000_C0003_W30-HIGH_RGB_TIFF-2-18x12.jpeg 18w, https:\/\/lehmann-ambiente.ch\/wp-content\/uploads\/2024\/02\/P_7290000_C0003_W30-HIGH_RGB_TIFF-2-600x424.jpeg 600w, https:\/\/lehmann-ambiente.ch\/wp-content\/uploads\/2024\/02\/P_7290000_C0003_W30-HIGH_RGB_TIFF-2.jpeg 1500w\" sizes=\"(max-width: 800px) 100vw, 800px\" \/>\t\t\t\t\t\t\t\t\t\t\t\t\t\t\t<\/div>\n\t\t\t\t<\/div>\n\t\t\t\t<div class=\"elementor-element elementor-element-cc68e6b elementor-widget elementor-widget-heading\" data-id=\"cc68e6b\" data-element_type=\"widget\" data-e-type=\"widget\" data-widget_type=\"heading.default\">\n\t\t\t\t\t<h3 class=\"elementor-heading-title elementor-size-default\">Vorh\u00e4nge<\/h3>\t\t\t\t<\/div>\n\t\t\t\t<\/a>\n\t\t\t\t<\/div>\n\t\t<\/div><div class=\"jet-listing-grid__item jet-listing-dynamic-post-908 jet-equal-columns\" data-post-id=\"908\"  >\t\t<div data-elementor-type=\"jet-listing-items\" data-elementor-id=\"3346\" class=\"elementor elementor-3346\" data-elementor-post-type=\"jet-engine\">\n\t\t\t\t<a class=\"elementor-element elementor-element-93bdffc e-con-full listing-simple e-flex e-con e-parent\" data-id=\"93bdffc\" data-element_type=\"container\" data-e-type=\"container\" data-settings=\"{&quot;jet_parallax_layout_list&quot;:[]}\" href=\"https:\/\/lehmann-ambiente.ch\/fr\/innenarchitektur\/parkett-bodenbelaege\/\">\n\t\t<div data-dce-background-color=\"#E9E5E5\" class=\"elementor-element elementor-element-4d6d3b8 e-con-full e-flex e-con e-child\" data-id=\"4d6d3b8\" data-element_type=\"container\" data-e-type=\"container\" data-settings=\"{&quot;background_background&quot;:&quot;classic&quot;,&quot;jet_parallax_layout_list&quot;:[]}\">\n\t\t\t\t<div class=\"elementor-element elementor-element-89e6e58 elementor-widget__width-inherit listing-simple-image elementor-widget elementor-widget-theme-post-featured-image elementor-widget-image\" data-id=\"89e6e58\" data-element_type=\"widget\" data-e-type=\"widget\" data-widget_type=\"theme-post-featured-image.default\">\n\t\t\t\t\t\t\t\t\t\t\t\t\t\t\t<img loading=\"lazy\" decoding=\"async\" width=\"800\" height=\"534\" src=\"https:\/\/lehmann-ambiente.ch\/wp-content\/uploads\/2023\/05\/parkettboeden-und-bodenbelaege-1024x683.jpg\" class=\"attachment-large size-large wp-image-12713\" alt=\"\" srcset=\"https:\/\/lehmann-ambiente.ch\/wp-content\/uploads\/2023\/05\/parkettboeden-und-bodenbelaege-1024x683.jpg 1024w, https:\/\/lehmann-ambiente.ch\/wp-content\/uploads\/2023\/05\/parkettboeden-und-bodenbelaege-300x200.jpg 300w, https:\/\/lehmann-ambiente.ch\/wp-content\/uploads\/2023\/05\/parkettboeden-und-bodenbelaege-768x512.jpg 768w, https:\/\/lehmann-ambiente.ch\/wp-content\/uploads\/2023\/05\/parkettboeden-und-bodenbelaege-391x260.jpg 391w, https:\/\/lehmann-ambiente.ch\/wp-content\/uploads\/2023\/05\/parkettboeden-und-bodenbelaege-1536x1024.jpg 1536w, https:\/\/lehmann-ambiente.ch\/wp-content\/uploads\/2023\/05\/parkettboeden-und-bodenbelaege-2048x1365.jpg 2048w, https:\/\/lehmann-ambiente.ch\/wp-content\/uploads\/2023\/05\/parkettboeden-und-bodenbelaege-18x12.jpg 18w, https:\/\/lehmann-ambiente.ch\/wp-content\/uploads\/2023\/05\/parkettboeden-und-bodenbelaege-600x400.jpg 600w\" sizes=\"(max-width: 800px) 100vw, 800px\" \/>\t\t\t\t\t\t\t\t\t\t\t\t\t\t\t<\/div>\n\t\t\t\t<\/div>\n\t\t\t\t<div class=\"elementor-element elementor-element-cc68e6b elementor-widget elementor-widget-heading\" data-id=\"cc68e6b\" data-element_type=\"widget\" data-e-type=\"widget\" data-widget_type=\"heading.default\">\n\t\t\t\t\t<h3 class=\"elementor-heading-title elementor-size-default\">Parkettb\u00f6den und Bodenbel\u00e4ge<\/h3>\t\t\t\t<\/div>\n\t\t\t\t<\/a>\n\t\t\t\t<\/div>\n\t\t<\/div><div class=\"jet-listing-grid__item jet-listing-dynamic-post-6966 jet-equal-columns\" data-post-id=\"6966\"  >\t\t<div data-elementor-type=\"jet-listing-items\" data-elementor-id=\"3346\" class=\"elementor elementor-3346\" data-elementor-post-type=\"jet-engine\">\n\t\t\t\t<a class=\"elementor-element elementor-element-93bdffc e-con-full listing-simple e-flex e-con e-parent\" data-id=\"93bdffc\" data-element_type=\"container\" data-e-type=\"container\" data-settings=\"{&quot;jet_parallax_layout_list&quot;:[]}\" href=\"https:\/\/lehmann-ambiente.ch\/fr\/innenarchitektur\/schlafen\/\">\n\t\t<div data-dce-background-color=\"#E9E5E5\" class=\"elementor-element elementor-element-4d6d3b8 e-con-full e-flex e-con e-child\" data-id=\"4d6d3b8\" data-element_type=\"container\" data-e-type=\"container\" data-settings=\"{&quot;background_background&quot;:&quot;classic&quot;,&quot;jet_parallax_layout_list&quot;:[]}\">\n\t\t\t\t<div class=\"elementor-element elementor-element-89e6e58 elementor-widget__width-inherit listing-simple-image elementor-widget elementor-widget-theme-post-featured-image elementor-widget-image\" data-id=\"89e6e58\" data-element_type=\"widget\" data-e-type=\"widget\" data-widget_type=\"theme-post-featured-image.default\">\n\t\t\t\t\t\t\t\t\t\t\t\t\t\t\t<img loading=\"lazy\" decoding=\"async\" width=\"1\" height=\"1\" src=\"https:\/\/lehmann-ambiente.ch\/wp-content\/uploads\/2024\/02\/schlafen.jpeg\" class=\"attachment-large size-large wp-image-12721\" alt=\"\" \/>\t\t\t\t\t\t\t\t\t\t\t\t\t\t\t<\/div>\n\t\t\t\t<\/div>\n\t\t\t\t<div class=\"elementor-element elementor-element-cc68e6b elementor-widget elementor-widget-heading\" data-id=\"cc68e6b\" data-element_type=\"widget\" data-e-type=\"widget\" data-widget_type=\"heading.default\">\n\t\t\t\t\t<h3 class=\"elementor-heading-title elementor-size-default\">Schlafen<\/h3>\t\t\t\t<\/div>\n\t\t\t\t<\/a>\n\t\t\t\t<\/div>\n\t\t<\/div><div class=\"jet-listing-grid__item jet-listing-dynamic-post-6948 jet-equal-columns\" data-post-id=\"6948\"  >\t\t<div data-elementor-type=\"jet-listing-items\" data-elementor-id=\"3346\" class=\"elementor elementor-3346\" data-elementor-post-type=\"jet-engine\">\n\t\t\t\t<a class=\"elementor-element elementor-element-93bdffc e-con-full listing-simple e-flex e-con e-parent\" data-id=\"93bdffc\" data-element_type=\"container\" data-e-type=\"container\" data-settings=\"{&quot;jet_parallax_layout_list&quot;:[]}\" href=\"https:\/\/lehmann-ambiente.ch\/fr\/innenarchitektur\/outdoormobel\/\">\n\t\t<div data-dce-background-color=\"#E9E5E5\" class=\"elementor-element elementor-element-4d6d3b8 e-con-full e-flex e-con e-child\" data-id=\"4d6d3b8\" data-element_type=\"container\" data-e-type=\"container\" data-settings=\"{&quot;background_background&quot;:&quot;classic&quot;,&quot;jet_parallax_layout_list&quot;:[]}\">\n\t\t\t\t<div class=\"elementor-element elementor-element-89e6e58 elementor-widget__width-inherit listing-simple-image elementor-widget elementor-widget-theme-post-featured-image elementor-widget-image\" data-id=\"89e6e58\" data-element_type=\"widget\" data-e-type=\"widget\" data-widget_type=\"theme-post-featured-image.default\">\n\t\t\t\t\t\t\t\t\t\t\t\t\t\t\t<img loading=\"lazy\" decoding=\"async\" width=\"800\" height=\"534\" src=\"https:\/\/lehmann-ambiente.ch\/wp-content\/uploads\/2025\/11\/outdoor-1024x683.jpg\" class=\"attachment-large size-large wp-image-12715\" alt=\"\" srcset=\"https:\/\/lehmann-ambiente.ch\/wp-content\/uploads\/2025\/11\/outdoor-1024x683.jpg 1024w, https:\/\/lehmann-ambiente.ch\/wp-content\/uploads\/2025\/11\/outdoor-300x200.jpg 300w, https:\/\/lehmann-ambiente.ch\/wp-content\/uploads\/2025\/11\/outdoor-768x512.jpg 768w, https:\/\/lehmann-ambiente.ch\/wp-content\/uploads\/2025\/11\/outdoor-391x260.jpg 391w, https:\/\/lehmann-ambiente.ch\/wp-content\/uploads\/2025\/11\/outdoor-1536x1024.jpg 1536w, https:\/\/lehmann-ambiente.ch\/wp-content\/uploads\/2025\/11\/outdoor-2048x1365.jpg 2048w, https:\/\/lehmann-ambiente.ch\/wp-content\/uploads\/2025\/11\/outdoor-18x12.jpg 18w, https:\/\/lehmann-ambiente.ch\/wp-content\/uploads\/2025\/11\/outdoor-600x400.jpg 600w\" sizes=\"(max-width: 800px) 100vw, 800px\" \/>\t\t\t\t\t\t\t\t\t\t\t\t\t\t\t<\/div>\n\t\t\t\t<\/div>\n\t\t\t\t<div class=\"elementor-element elementor-element-cc68e6b elementor-widget elementor-widget-heading\" data-id=\"cc68e6b\" data-element_type=\"widget\" data-e-type=\"widget\" data-widget_type=\"heading.default\">\n\t\t\t\t\t<h3 class=\"elementor-heading-title elementor-size-default\">Outdoor<\/h3>\t\t\t\t<\/div>\n\t\t\t\t<\/a>\n\t\t\t\t<\/div>\n\t\t<\/div><\/div><\/div>\t\t\t\t<\/div>\n\t\t\t\t\t<\/div>\n\t\t\t\t<\/div>\n\t\t<div class=\"elementor-element elementor-element-ec5040d e-con-full e-flex e-con e-parent\" data-id=\"ec5040d\" data-element_type=\"container\" data-e-type=\"container\" data-settings=\"{&quot;jet_parallax_layout_list&quot;:[]}\">\n\t\t\t\t<div class=\"elementor-element elementor-element-82b75e1 linear-slider elementor-skin-carousel elementor-widget elementor-widget-media-carousel\" data-id=\"82b75e1\" data-element_type=\"widget\" data-e-type=\"widget\" data-settings=\"{&quot;slides_per_view&quot;:&quot;5&quot;,&quot;slides_per_view_laptop&quot;:&quot;4&quot;,&quot;slides_per_view_tablet&quot;:&quot;3&quot;,&quot;slides_to_scroll&quot;:&quot;1&quot;,&quot;slides_to_scroll_laptop&quot;:&quot;1&quot;,&quot;slides_to_scroll_tablet&quot;:&quot;1&quot;,&quot;speed&quot;:5000,&quot;autoplay_speed&quot;:0,&quot;space_between&quot;:{&quot;unit&quot;:&quot;px&quot;,&quot;size&quot;:100,&quot;sizes&quot;:[]},&quot;space_between_widescreen&quot;:{&quot;unit&quot;:&quot;px&quot;,&quot;size&quot;:200,&quot;sizes&quot;:[]},&quot;space_between_laptop&quot;:{&quot;unit&quot;:&quot;px&quot;,&quot;size&quot;:50,&quot;sizes&quot;:[]},&quot;space_between_tablet&quot;:{&quot;unit&quot;:&quot;px&quot;,&quot;size&quot;:50,&quot;sizes&quot;:[]},&quot;space_between_mobile&quot;:{&quot;unit&quot;:&quot;px&quot;,&quot;size&quot;:0,&quot;sizes&quot;:[]},&quot;skin&quot;:&quot;carousel&quot;,&quot;effect&quot;:&quot;slide&quot;,&quot;autoplay&quot;:&quot;yes&quot;,&quot;loop&quot;:&quot;yes&quot;}\" data-widget_type=\"media-carousel.default\">\n\t\t\t\t\t\t\t\t\t\t<div class=\"elementor-main-swiper swiper\" role=\"region\" aria-roledescription=\"carousel\" aria-label=\"Slides\">\n\t\t\t\t<div class=\"swiper-wrapper\">\n\t\t\t\t\t\t\t\t\t\t\t<div class=\"swiper-slide\" role=\"group\" aria-roledescription=\"slide\">\n\t\t\t\t\t\t\t<a href=\"\/marke\/bb-italia\/\">\t\t<div class=\"elementor-carousel-image\" role=\"img\" aria-label=\"bb_italia.png\" style=\"background-image: url(&#039;https:\/\/lehmann-ambiente.ch\/wp-content\/uploads\/2024\/04\/bb_italia-300x242.png&#039;)\">\n\n\t\t\t\n\t\t\t\t\t<\/div>\n\t\t<\/a>\t\t\t\t\t\t<\/div>\n\t\t\t\t\t\t\t\t\t\t\t<div class=\"swiper-slide\" role=\"group\" aria-roledescription=\"slide\">\n\t\t\t\t\t\t\t<a href=\"\/marke\/baltensweiler\/\">\t\t<div class=\"elementor-carousel-image\" role=\"img\" aria-label=\"baletensweiler.png\" style=\"background-image: url(&#039;https:\/\/lehmann-ambiente.ch\/wp-content\/uploads\/2024\/04\/baletensweiler-300x28.png&#039;)\">\n\n\t\t\t\n\t\t\t\t\t<\/div>\n\t\t<\/a>\t\t\t\t\t\t<\/div>\n\t\t\t\t\t\t\t\t\t\t\t<div class=\"swiper-slide\" role=\"group\" aria-roledescription=\"slide\">\n\t\t\t\t\t\t\t<a href=\"\/marke\/cassina\/\">\t\t<div class=\"elementor-carousel-image\" role=\"img\" aria-label=\"cassina.png\" style=\"background-image: url(&#039;https:\/\/lehmann-ambiente.ch\/wp-content\/uploads\/2024\/04\/cassina-300x66.png&#039;)\">\n\n\t\t\t\n\t\t\t\t\t<\/div>\n\t\t<\/a>\t\t\t\t\t\t<\/div>\n\t\t\t\t\t\t\t\t\t\t\t<div class=\"swiper-slide\" role=\"group\" aria-roledescription=\"slide\">\n\t\t\t\t\t\t\t<a href=\"\/marke\/cor\/\">\t\t<div class=\"elementor-carousel-image\" role=\"img\" aria-label=\"cor.png\" style=\"background-image: url(&#039;https:\/\/lehmann-ambiente.ch\/wp-content\/uploads\/2024\/04\/cor-300x116.png&#039;)\">\n\n\t\t\t\n\t\t\t\t\t<\/div>\n\t\t<\/a>\t\t\t\t\t\t<\/div>\n\t\t\t\t\t\t\t\t\t\t\t<div class=\"swiper-slide\" role=\"group\" aria-roledescription=\"slide\">\n\t\t\t\t\t\t\t<a href=\"\/marke\/girsberger\/\">\t\t<div class=\"elementor-carousel-image\" role=\"img\" aria-label=\"girsberger.png\" style=\"background-image: url(&#039;https:\/\/lehmann-ambiente.ch\/wp-content\/uploads\/2024\/04\/girsberger-300x58.png&#039;)\">\n\n\t\t\t\n\t\t\t\t\t<\/div>\n\t\t<\/a>\t\t\t\t\t\t<\/div>\n\t\t\t\t\t\t\t\t\t\t\t<div class=\"swiper-slide\" role=\"group\" aria-roledescription=\"slide\">\n\t\t\t\t\t\t\t<a href=\"\/marke\/glatz-sonnenschirme\/\">\t\t<div class=\"elementor-carousel-image\" role=\"img\" aria-label=\"glatz.png\" style=\"background-image: url(&#039;https:\/\/lehmann-ambiente.ch\/wp-content\/uploads\/2024\/04\/glatz-300x93.png&#039;)\">\n\n\t\t\t\n\t\t\t\t\t<\/div>\n\t\t<\/a>\t\t\t\t\t\t<\/div>\n\t\t\t\t\t\t\t\t\t\t\t<div class=\"swiper-slide\" role=\"group\" aria-roledescription=\"slide\">\n\t\t\t\t\t\t\t<a href=\"\/marke\/kettal\/\">\t\t<div class=\"elementor-carousel-image\" role=\"img\" aria-label=\"kettal.png\" style=\"background-image: url(&#039;https:\/\/lehmann-ambiente.ch\/wp-content\/uploads\/2024\/04\/kettal-300x88.png&#039;)\">\n\n\t\t\t\n\t\t\t\t\t<\/div>\n\t\t<\/a>\t\t\t\t\t\t<\/div>\n\t\t\t\t\t\t\t\t\t\t\t<div class=\"swiper-slide\" role=\"group\" aria-roledescription=\"slide\">\n\t\t\t\t\t\t\t<a href=\"\/marke\/minotti\/\">\t\t<div class=\"elementor-carousel-image\" role=\"img\" aria-label=\"minotti.png\" style=\"background-image: url(&#039;https:\/\/lehmann-ambiente.ch\/wp-content\/uploads\/2024\/04\/minotti-300x70.png&#039;)\">\n\n\t\t\t\n\t\t\t\t\t<\/div>\n\t\t<\/a>\t\t\t\t\t\t<\/div>\n\t\t\t\t\t\t\t\t\t\t\t<div class=\"swiper-slide\" role=\"group\" aria-roledescription=\"slide\">\n\t\t\t\t\t\t\t<a href=\"\/marke\/weibel-weibel\/\">\t\t<div class=\"elementor-carousel-image\" role=\"img\" aria-label=\"weibelweibel.png\" style=\"background-image: url(&#039;https:\/\/lehmann-ambiente.ch\/wp-content\/uploads\/2024\/04\/weibelweibel-300x49.png&#039;)\">\n\n\t\t\t\n\t\t\t\t\t<\/div>\n\t\t<\/a>\t\t\t\t\t\t<\/div>\n\t\t\t\t\t\t\t\t\t\t\t<div class=\"swiper-slide\" role=\"group\" aria-roledescription=\"slide\">\n\t\t\t\t\t\t\t<a href=\"\/marke\/kristalia\/\">\t\t<div class=\"elementor-carousel-image\" role=\"img\" aria-label=\"logo_kristalia\" style=\"background-image: url(&#039;https:\/\/lehmann-ambiente.ch\/wp-content\/uploads\/2025\/09\/logo_kristalia.svg&#039;)\">\n\n\t\t\t\n\t\t\t\t\t<\/div>\n\t\t<\/a>\t\t\t\t\t\t<\/div>\n\t\t\t\t\t\t\t\t\t\t\t<div class=\"swiper-slide\" role=\"group\" aria-roledescription=\"slide\">\n\t\t\t\t\t\t\t<a href=\"\/marke\/ars-nova\/\">\t\t<div class=\"elementor-carousel-image\" role=\"img\" aria-label=\"Logo_AN_quadratisch_schwarz\" style=\"background-image: url(&#039;https:\/\/lehmann-ambiente.ch\/wp-content\/uploads\/2025\/09\/Logo_AN_quadratisch_schwarz-268x300.jpg&#039;)\">\n\n\t\t\t\n\t\t\t\t\t<\/div>\n\t\t<\/a>\t\t\t\t\t\t<\/div>\n\t\t\t\t\t\t\t\t\t<\/div>\n\t\t\t\t\t\t\t\t\t\t\t\t\t\t\t\t\t\t\t\t\t<\/div>\n\t\t\t\t\t\t\t\t<\/div>\n\t\t\t\t<\/div>\n\t\t<div class=\"elementor-element elementor-element-715ddf0 e-flex e-con-boxed e-con e-parent\" data-id=\"715ddf0\" data-element_type=\"container\" data-e-type=\"container\" data-settings=\"{&quot;jet_parallax_layout_list&quot;:[]}\">\n\t\t\t\t\t<div class=\"e-con-inner\">\n\t\t\t\t<div class=\"elementor-element elementor-element-1c05d10 elementor-widget__width-initial elementor-widget-laptop__width-initial elementor-widget elementor-widget-heading\" data-id=\"1c05d10\" data-element_type=\"widget\" data-e-type=\"widget\" data-widget_type=\"heading.default\">\n\t\t\t\t\t<h2 class=\"elementor-heading-title elementor-size-default\">Mit 3D Visualisierung zur perfekten Inneneinrichtung <\/h2>\t\t\t\t<\/div>\n\t\t\t\t<div class=\"elementor-element elementor-element-8689b21 elementor-widget__width-initial elementor-widget elementor-widget-text-editor\" data-id=\"8689b21\" data-element_type=\"widget\" data-e-type=\"widget\" data-widget_type=\"text-editor.default\">\n\t\t\t\t\t\t\t\t\t<p>Inneneinrichtung ist weit mehr als nur M\u00f6bel anordnen \u2013 sie ist die Kunst, R\u00e4ume in Geschichten zu verwandeln, die erz\u00e4hlt werden wollen. Die Visualisierung ebnet den Weg f\u00fcr diese Geschichten und erm\u00f6glicht es, Designtr\u00e4ume in die Realit\u00e4t umzusetzen. Sie \u00f6ffnet die T\u00fcr zu einem Universum der Kreativit\u00e4t, in dem R\u00e4ume zu Leinw\u00e4nden werden und die Imagination zur Wirklichkeit wird.<\/p>\t\t\t\t\t\t\t\t<\/div>\n\t\t\t\t<div class=\"elementor-element elementor-element-3565ad1 elementor-widget elementor-widget-button\" data-id=\"3565ad1\" data-element_type=\"widget\" data-e-type=\"widget\" data-widget_type=\"button.default\">\n\t\t\t\t\t\t\t\t\t\t<a class=\"elementor-button elementor-button-link elementor-size-sm\" href=\"\/innenarchitektur\">\n\t\t\t\t\t\t<span class=\"elementor-button-content-wrapper\">\n\t\t\t\t\t\t\t\t\t<span class=\"elementor-button-text\">Innenarchitektur<\/span>\n\t\t\t\t\t<\/span>\n\t\t\t\t\t<\/a>\n\t\t\t\t\t\t\t\t<\/div>\n\t\t\t\t<div class=\"elementor-element elementor-element-89bef38 elementor-widget__width-initial elementor-absolute elementor-widget elementor-widget-image\" data-id=\"89bef38\" data-element_type=\"widget\" data-e-type=\"widget\" data-settings=\"{&quot;_position&quot;:&quot;absolute&quot;}\" data-widget_type=\"image.default\">\n\t\t\t\t\t\t\t\t\t\t\t\t\t\t\t<img loading=\"lazy\" decoding=\"async\" width=\"800\" height=\"745\" src=\"https:\/\/lehmann-ambiente.ch\/wp-content\/uploads\/2024\/01\/Rendering-Grundriss-1024x954.png\" class=\"attachment-large size-large wp-image-3395\" alt=\"Rendering Grundriss Interior Design\" srcset=\"https:\/\/lehmann-ambiente.ch\/wp-content\/uploads\/2024\/01\/Rendering-Grundriss-1024x954.png 1024w, https:\/\/lehmann-ambiente.ch\/wp-content\/uploads\/2024\/01\/Rendering-Grundriss-300x279.png 300w, https:\/\/lehmann-ambiente.ch\/wp-content\/uploads\/2024\/01\/Rendering-Grundriss-768x715.png 768w, https:\/\/lehmann-ambiente.ch\/wp-content\/uploads\/2024\/01\/Rendering-Grundriss-1536x1431.png 1536w, https:\/\/lehmann-ambiente.ch\/wp-content\/uploads\/2024\/01\/Rendering-Grundriss-13x12.png 13w, https:\/\/lehmann-ambiente.ch\/wp-content\/uploads\/2024\/01\/Rendering-Grundriss-600x559.png 600w, https:\/\/lehmann-ambiente.ch\/wp-content\/uploads\/2024\/01\/Rendering-Grundriss.png 2027w\" sizes=\"(max-width: 800px) 100vw, 800px\" \/>\t\t\t\t\t\t\t\t\t\t\t\t\t\t\t<\/div>\n\t\t\t\t\t<\/div>\n\t\t\t\t<\/div>\n\t\t<div class=\"elementor-element elementor-element-d9b1883 e-con-full e-flex e-con e-parent\" data-id=\"d9b1883\" data-element_type=\"container\" data-e-type=\"container\" data-settings=\"{&quot;jet_parallax_layout_list&quot;:[]}\">\n\t\t\t\t<div class=\"elementor-element elementor-element-080c7ec elementor-widget__width-auto elementor-widget elementor-widget-heading\" data-id=\"080c7ec\" data-element_type=\"widget\" data-e-type=\"widget\" data-widget_type=\"heading.default\">\n\t\t\t\t\t<h2 class=\"elementor-heading-title elementor-size-default\">Ausstellung<\/h2>\t\t\t\t<\/div>\n\t\t<div class=\"elementor-element elementor-element-1548cae e-con-full e-flex e-con e-child\" data-id=\"1548cae\" data-element_type=\"container\" data-e-type=\"container\" data-settings=\"{&quot;jet_parallax_layout_list&quot;:[]}\">\n\t\t\t\t<div class=\"elementor-element elementor-element-9530f45 elementor-widget__width-initial elementor-widget elementor-widget-image\" data-id=\"9530f45\" data-element_type=\"widget\" data-e-type=\"widget\" data-widget_type=\"image.default\">\n\t\t\t\t\t\t\t\t\t\t\t\t\t\t\t<img loading=\"lazy\" decoding=\"async\" width=\"800\" height=\"534\" src=\"https:\/\/lehmann-ambiente.ch\/wp-content\/uploads\/2026\/02\/ausstellung_links-1024x683.jpeg\" class=\"attachment-large size-large wp-image-12704\" alt=\"\" srcset=\"https:\/\/lehmann-ambiente.ch\/wp-content\/uploads\/2026\/02\/ausstellung_links-1024x683.jpeg 1024w, https:\/\/lehmann-ambiente.ch\/wp-content\/uploads\/2026\/02\/ausstellung_links-300x200.jpeg 300w, https:\/\/lehmann-ambiente.ch\/wp-content\/uploads\/2026\/02\/ausstellung_links-768x512.jpeg 768w, https:\/\/lehmann-ambiente.ch\/wp-content\/uploads\/2026\/02\/ausstellung_links-391x260.jpeg 391w\" sizes=\"(max-width: 800px) 100vw, 800px\" \/>\t\t\t\t\t\t\t\t\t\t\t\t\t\t\t<\/div>\n\t\t\t\t<div class=\"elementor-element elementor-element-43d8b38 elementor-widget__width-initial elementor-widget elementor-widget-image\" data-id=\"43d8b38\" data-element_type=\"widget\" data-e-type=\"widget\" data-widget_type=\"image.default\">\n\t\t\t\t\t\t\t\t\t\t\t\t\t\t\t<img loading=\"lazy\" decoding=\"async\" width=\"800\" height=\"534\" src=\"https:\/\/lehmann-ambiente.ch\/wp-content\/uploads\/2026\/02\/ausstellung_rechts-1024x683.jpeg\" class=\"attachment-large size-large wp-image-12707\" alt=\"\" srcset=\"https:\/\/lehmann-ambiente.ch\/wp-content\/uploads\/2026\/02\/ausstellung_rechts-1024x683.jpeg 1024w, https:\/\/lehmann-ambiente.ch\/wp-content\/uploads\/2026\/02\/ausstellung_rechts-300x200.jpeg 300w, https:\/\/lehmann-ambiente.ch\/wp-content\/uploads\/2026\/02\/ausstellung_rechts-768x512.jpeg 768w, https:\/\/lehmann-ambiente.ch\/wp-content\/uploads\/2026\/02\/ausstellung_rechts-391x260.jpeg 391w, https:\/\/lehmann-ambiente.ch\/wp-content\/uploads\/2026\/02\/ausstellung_rechts-1536x1024.jpeg 1536w, https:\/\/lehmann-ambiente.ch\/wp-content\/uploads\/2026\/02\/ausstellung_rechts-2048x1365.jpeg 2048w, https:\/\/lehmann-ambiente.ch\/wp-content\/uploads\/2026\/02\/ausstellung_rechts-18x12.jpeg 18w, https:\/\/lehmann-ambiente.ch\/wp-content\/uploads\/2026\/02\/ausstellung_rechts-600x400.jpeg 600w\" sizes=\"(max-width: 800px) 100vw, 800px\" \/>\t\t\t\t\t\t\t\t\t\t\t\t\t\t\t<\/div>\n\t\t\t\t<\/div>\n\t\t\t\t<div class=\"elementor-element elementor-element-2f25fef elementor-widget elementor-widget-button\" data-id=\"2f25fef\" data-element_type=\"widget\" data-e-type=\"widget\" data-widget_type=\"button.default\">\n\t\t\t\t\t\t\t\t\t\t<a class=\"elementor-button elementor-button-link elementor-size-sm\" href=\"\/ausstellung\">\n\t\t\t\t\t\t<span class=\"elementor-button-content-wrapper\">\n\t\t\t\t\t\t\t\t\t<span class=\"elementor-button-text\">Ausstellung entdecken<\/span>\n\t\t\t\t\t<\/span>\n\t\t\t\t\t<\/a>\n\t\t\t\t\t\t\t\t<\/div>\n\t\t\t\t<\/div>\n\t\t<div class=\"elementor-element elementor-element-ce2c025 e-flex e-con-boxed e-con e-parent\" data-id=\"ce2c025\" data-element_type=\"container\" data-e-type=\"container\" data-settings=\"{&quot;jet_parallax_layout_list&quot;:[]}\">\n\t\t\t\t\t<div class=\"e-con-inner\">\n\t\t<a class=\"elementor-element elementor-element-c729632 e-con-full listing-simple e-flex e-con e-child\" data-id=\"c729632\" data-element_type=\"container\" data-e-type=\"container\" data-settings=\"{&quot;jet_parallax_layout_list&quot;:[]}\" href=\"\/marke\">\n\t\t\t\t<div class=\"elementor-element elementor-element-85d7818 listing-simple-image elementor-widget elementor-widget-image\" data-id=\"85d7818\" data-element_type=\"widget\" data-e-type=\"widget\" data-widget_type=\"image.default\">\n\t\t\t\t\t\t\t\t\t\t\t\t\t\t\t<img loading=\"lazy\" decoding=\"async\" width=\"800\" height=\"534\" src=\"https:\/\/lehmann-ambiente.ch\/wp-content\/uploads\/2024\/01\/ML_Lehmann_078-1-1024x683.jpg\" class=\"attachment-large size-large wp-image-3899\" alt=\"\" srcset=\"https:\/\/lehmann-ambiente.ch\/wp-content\/uploads\/2024\/01\/ML_Lehmann_078-1-1024x683.jpg 1024w, https:\/\/lehmann-ambiente.ch\/wp-content\/uploads\/2024\/01\/ML_Lehmann_078-1-300x200.jpg 300w, https:\/\/lehmann-ambiente.ch\/wp-content\/uploads\/2024\/01\/ML_Lehmann_078-1-768x512.jpg 768w, https:\/\/lehmann-ambiente.ch\/wp-content\/uploads\/2024\/01\/ML_Lehmann_078-1-391x260.jpg 391w, https:\/\/lehmann-ambiente.ch\/wp-content\/uploads\/2024\/01\/ML_Lehmann_078-1-1536x1024.jpg 1536w, https:\/\/lehmann-ambiente.ch\/wp-content\/uploads\/2024\/01\/ML_Lehmann_078-1-2048x1365.jpg 2048w, https:\/\/lehmann-ambiente.ch\/wp-content\/uploads\/2024\/01\/ML_Lehmann_078-1-18x12.jpg 18w, https:\/\/lehmann-ambiente.ch\/wp-content\/uploads\/2024\/01\/ML_Lehmann_078-1-600x400.jpg 600w\" sizes=\"(max-width: 800px) 100vw, 800px\" \/>\t\t\t\t\t\t\t\t\t\t\t\t\t\t\t<\/div>\n\t\t\t\t<div class=\"elementor-element elementor-element-a78cd24 elementor-widget elementor-widget-heading\" data-id=\"a78cd24\" data-element_type=\"widget\" data-e-type=\"widget\" data-widget_type=\"heading.default\">\n\t\t\t\t\t<h3 class=\"elementor-heading-title elementor-size-default\">Marken<\/h3>\t\t\t\t<\/div>\n\t\t\t\t<\/a>\n\t\t<a class=\"elementor-element elementor-element-c7c9e59 e-con-full listing-simple e-flex e-con e-child\" data-id=\"c7c9e59\" data-element_type=\"container\" data-e-type=\"container\" data-settings=\"{&quot;jet_parallax_layout_list&quot;:[]}\" href=\"\/designer\">\n\t\t\t\t<div class=\"elementor-element elementor-element-82553a6 listing-simple-image elementor-widget elementor-widget-image\" data-id=\"82553a6\" data-element_type=\"widget\" data-e-type=\"widget\" data-widget_type=\"image.default\">\n\t\t\t\t\t\t\t\t\t\t\t\t\t\t\t<img loading=\"lazy\" decoding=\"async\" width=\"800\" height=\"533\" src=\"https:\/\/lehmann-ambiente.ch\/wp-content\/uploads\/2023\/07\/365-North-Henrik-Pedersen-arcit18.jpg\" class=\"attachment-large size-large wp-image-2491\" alt=\"\" srcset=\"https:\/\/lehmann-ambiente.ch\/wp-content\/uploads\/2023\/07\/365-North-Henrik-Pedersen-arcit18.jpg 900w, https:\/\/lehmann-ambiente.ch\/wp-content\/uploads\/2023\/07\/365-North-Henrik-Pedersen-arcit18-300x200.jpg 300w, https:\/\/lehmann-ambiente.ch\/wp-content\/uploads\/2023\/07\/365-North-Henrik-Pedersen-arcit18-768x512.jpg 768w, https:\/\/lehmann-ambiente.ch\/wp-content\/uploads\/2023\/07\/365-North-Henrik-Pedersen-arcit18-391x260.jpg 391w, https:\/\/lehmann-ambiente.ch\/wp-content\/uploads\/2023\/07\/365-North-Henrik-Pedersen-arcit18-18x12.jpg 18w, https:\/\/lehmann-ambiente.ch\/wp-content\/uploads\/2023\/07\/365-North-Henrik-Pedersen-arcit18-600x400.jpg 600w\" sizes=\"(max-width: 800px) 100vw, 800px\" \/>\t\t\t\t\t\t\t\t\t\t\t\t\t\t\t<\/div>\n\t\t\t\t<div class=\"elementor-element elementor-element-93a375a elementor-widget elementor-widget-heading\" data-id=\"93a375a\" data-element_type=\"widget\" data-e-type=\"widget\" data-widget_type=\"heading.default\">\n\t\t\t\t\t<h3 class=\"elementor-heading-title elementor-size-default\">Designer<\/h3>\t\t\t\t<\/div>\n\t\t\t\t<\/a>\n\t\t\t\t\t<\/div>\n\t\t\t\t<\/div>\n\t\t<div class=\"elementor-element elementor-element-b5a6bb1 e-flex e-con-boxed e-con e-parent\" data-id=\"b5a6bb1\" data-element_type=\"container\" data-e-type=\"container\" data-settings=\"{&quot;background_background&quot;:&quot;classic&quot;,&quot;jet_parallax_layout_list&quot;:[]}\">\n\t\t\t\t\t<div class=\"e-con-inner\">\n\t\t\t\t<div class=\"elementor-element elementor-element-f0b4601 elementor-widget elementor-widget-heading\" data-id=\"f0b4601\" data-element_type=\"widget\" data-e-type=\"widget\" data-widget_type=\"heading.default\">\n\t\t\t\t\t<h2 class=\"elementor-heading-title elementor-size-default\">Lehmann Ambiente seit mehr als 90 Jahren in der Familie<\/h2>\t\t\t\t<\/div>\n\t\t\t\t<div class=\"elementor-element elementor-element-f0a1cb6 elementor-widget elementor-widget-text-editor\" data-id=\"f0a1cb6\" data-element_type=\"widget\" data-e-type=\"widget\" data-widget_type=\"text-editor.default\">\n\t\t\t\t\t\t\t\t\t<p>Alles startete vor etwas mehr als 90 Jahren mit einer kleinen Sattlerei im Untergeschoss an der Hauptstrasse 26 in D\u00fcdingen. Mit deren Er\u00f6ffnung gr\u00fcndete Alfons Lehmann Senior die heutige Firma Lehmann Ambiente. Kurz vor Ausbruch des zweiten Weltkrieges bezog die wachsende Firma ihren ersten Neubau. Bodenbel\u00e4ge und eine kleine Auswahl an M\u00f6beln komplettierten von nun an das Angebot. 1962 trat mit Hans und Rosmarie die zweite Generation an die Front und der M\u00f6belhandel wurde ausgebaut. In der dritten Generation und zwei Umz\u00fcge sp\u00e4ter weiss die Familie genau, wo sie hinm\u00f6chte. \u00abDer reine Verkauf von M\u00f6beln wird fr\u00fcher oder sp\u00e4ter vorbei sein. Wir sehen uns immer mehr als Innenarchitekt mit Schauraum.\u00a0<\/p>\t\t\t\t\t\t\t\t<\/div>\n\t\t\t\t\t<\/div>\n\t\t\t\t<\/div>\n\t\t<div class=\"elementor-element elementor-element-2af659a e-flex e-con-boxed e-con e-parent\" data-id=\"2af659a\" data-element_type=\"container\" data-e-type=\"container\" data-settings=\"{&quot;jet_parallax_layout_list&quot;:[]}\">\n\t\t\t\t\t<div class=\"e-con-inner\">\n\t\t\t\t<div class=\"elementor-element elementor-element-fc32ab1 elementor-widget elementor-widget-jet-listing-grid\" data-id=\"fc32ab1\" data-element_type=\"widget\" data-e-type=\"widget\" data-settings=\"{&quot;columns_tablet&quot;:&quot;2&quot;,&quot;columns_mobile&quot;:&quot;1&quot;,&quot;columns&quot;:3}\" data-widget_type=\"jet-listing-grid.default\">\n\t\t\t\t\t<div class=\"jet-listing-grid jet-listing\"><div class=\"jet-listing-grid__items grid-col-desk-3 grid-col-tablet-2 grid-col-mobile-1 jet-listing-grid--3346 jet-equal-columns__wrapper\" data-queried-id=\"89|WP_Post\" data-nav=\"{&quot;enabled&quot;:false,&quot;type&quot;:null,&quot;more_el&quot;:null,&quot;query&quot;:[],&quot;widget_settings&quot;:{&quot;lisitng_id&quot;:3346,&quot;posts_num&quot;:3,&quot;columns&quot;:3,&quot;columns_tablet&quot;:2,&quot;columns_mobile&quot;:1,&quot;column_min_width&quot;:240,&quot;column_min_width_tablet&quot;:240,&quot;column_min_width_mobile&quot;:240,&quot;inline_columns_css&quot;:false,&quot;is_archive_template&quot;:&quot;&quot;,&quot;post_status&quot;:[&quot;publish&quot;],&quot;use_random_posts_num&quot;:&quot;&quot;,&quot;max_posts_num&quot;:9,&quot;not_found_message&quot;:&quot;No data was found&quot;,&quot;is_masonry&quot;:false,&quot;equal_columns_height&quot;:&quot;yes&quot;,&quot;use_load_more&quot;:&quot;&quot;,&quot;load_more_id&quot;:&quot;&quot;,&quot;load_more_type&quot;:&quot;click&quot;,&quot;load_more_offset&quot;:null,&quot;use_custom_post_types&quot;:&quot;&quot;,&quot;custom_post_types&quot;:[],&quot;hide_widget_if&quot;:&quot;&quot;,&quot;carousel_enabled&quot;:&quot;&quot;,&quot;slides_to_scroll&quot;:&quot;1&quot;,&quot;arrows&quot;:&quot;true&quot;,&quot;arrow_icon&quot;:&quot;fa fa-angle-left&quot;,&quot;dots&quot;:&quot;&quot;,&quot;autoplay&quot;:&quot;true&quot;,&quot;pause_on_hover&quot;:&quot;true&quot;,&quot;autoplay_speed&quot;:5000,&quot;infinite&quot;:&quot;true&quot;,&quot;center_mode&quot;:&quot;&quot;,&quot;effect&quot;:&quot;slide&quot;,&quot;speed&quot;:500,&quot;inject_alternative_items&quot;:&quot;&quot;,&quot;injection_items&quot;:[],&quot;scroll_slider_enabled&quot;:&quot;&quot;,&quot;scroll_slider_on&quot;:[&quot;desktop&quot;,&quot;tablet&quot;,&quot;mobile&quot;],&quot;custom_query&quot;:&quot;yes&quot;,&quot;custom_query_id&quot;:&quot;40&quot;,&quot;_element_id&quot;:&quot;&quot;,&quot;collapse_first_last_gap&quot;:false,&quot;list_tag_selection&quot;:&quot;&quot;,&quot;list_items_wrapper_tag&quot;:&quot;div&quot;,&quot;list_item_tag&quot;:&quot;div&quot;,&quot;empty_items_wrapper_tag&quot;:&quot;div&quot;}}\" data-page=\"1\" data-pages=\"2\" data-listing-source=\"query\" data-listing-id=\"3346\" data-query-id=\"40\"><div class=\"jet-listing-grid__item jet-listing-dynamic-post-107 jet-equal-columns\" data-post-id=\"107\"  >\t\t<div data-elementor-type=\"jet-listing-items\" data-elementor-id=\"3346\" class=\"elementor elementor-3346\" data-elementor-post-type=\"jet-engine\">\n\t\t\t\t<a class=\"elementor-element elementor-element-93bdffc e-con-full listing-simple e-flex e-con e-parent\" data-id=\"93bdffc\" data-element_type=\"container\" data-e-type=\"container\" data-settings=\"{&quot;jet_parallax_layout_list&quot;:[]}\" href=\"https:\/\/lehmann-ambiente.ch\/fr\/ueber-uns\/team\/\">\n\t\t<div data-dce-background-color=\"#E9E5E5\" class=\"elementor-element elementor-element-4d6d3b8 e-con-full e-flex e-con e-child\" data-id=\"4d6d3b8\" data-element_type=\"container\" data-e-type=\"container\" data-settings=\"{&quot;background_background&quot;:&quot;classic&quot;,&quot;jet_parallax_layout_list&quot;:[]}\">\n\t\t\t\t<div class=\"elementor-element elementor-element-89e6e58 elementor-widget__width-inherit listing-simple-image elementor-widget elementor-widget-theme-post-featured-image elementor-widget-image\" data-id=\"89e6e58\" data-element_type=\"widget\" data-e-type=\"widget\" data-widget_type=\"theme-post-featured-image.default\">\n\t\t\t\t\t\t\t\t\t\t\t\t\t\t\t<img loading=\"lazy\" decoding=\"async\" width=\"800\" height=\"613\" src=\"https:\/\/lehmann-ambiente.ch\/wp-content\/uploads\/2024\/09\/Lara-Rico-und-Alfons-1024x784.jpg\" class=\"attachment-large size-large wp-image-9786\" alt=\"\" srcset=\"https:\/\/lehmann-ambiente.ch\/wp-content\/uploads\/2024\/09\/Lara-Rico-und-Alfons-1024x784.jpg 1024w, https:\/\/lehmann-ambiente.ch\/wp-content\/uploads\/2024\/09\/Lara-Rico-und-Alfons-300x230.jpg 300w, https:\/\/lehmann-ambiente.ch\/wp-content\/uploads\/2024\/09\/Lara-Rico-und-Alfons-768x588.jpg 768w, https:\/\/lehmann-ambiente.ch\/wp-content\/uploads\/2024\/09\/Lara-Rico-und-Alfons-1536x1175.jpg 1536w, https:\/\/lehmann-ambiente.ch\/wp-content\/uploads\/2024\/09\/Lara-Rico-und-Alfons-2048x1567.jpg 2048w, https:\/\/lehmann-ambiente.ch\/wp-content\/uploads\/2024\/09\/Lara-Rico-und-Alfons-16x12.jpg 16w, https:\/\/lehmann-ambiente.ch\/wp-content\/uploads\/2024\/09\/Lara-Rico-und-Alfons-600x459.jpg 600w\" sizes=\"(max-width: 800px) 100vw, 800px\" \/>\t\t\t\t\t\t\t\t\t\t\t\t\t\t\t<\/div>\n\t\t\t\t<\/div>\n\t\t\t\t<div class=\"elementor-element elementor-element-cc68e6b elementor-widget elementor-widget-heading\" data-id=\"cc68e6b\" data-element_type=\"widget\" data-e-type=\"widget\" data-widget_type=\"heading.default\">\n\t\t\t\t\t<h3 class=\"elementor-heading-title elementor-size-default\">Team<\/h3>\t\t\t\t<\/div>\n\t\t\t\t<\/a>\n\t\t\t\t<\/div>\n\t\t<\/div><div class=\"jet-listing-grid__item jet-listing-dynamic-post-3880 jet-equal-columns\" data-post-id=\"3880\"  >\t\t<div data-elementor-type=\"jet-listing-items\" data-elementor-id=\"3346\" class=\"elementor elementor-3346\" data-elementor-post-type=\"jet-engine\">\n\t\t\t\t<a class=\"elementor-element elementor-element-93bdffc e-con-full listing-simple e-flex e-con e-parent\" data-id=\"93bdffc\" data-element_type=\"container\" data-e-type=\"container\" data-settings=\"{&quot;jet_parallax_layout_list&quot;:[]}\" href=\"https:\/\/lehmann-ambiente.ch\/fr\/ueber-uns\/unsere-geschichte\/\">\n\t\t<div data-dce-background-color=\"#E9E5E5\" class=\"elementor-element elementor-element-4d6d3b8 e-con-full e-flex e-con e-child\" data-id=\"4d6d3b8\" data-element_type=\"container\" data-e-type=\"container\" data-settings=\"{&quot;background_background&quot;:&quot;classic&quot;,&quot;jet_parallax_layout_list&quot;:[]}\">\n\t\t\t\t<div class=\"elementor-element elementor-element-89e6e58 elementor-widget__width-inherit listing-simple-image elementor-widget elementor-widget-theme-post-featured-image elementor-widget-image\" data-id=\"89e6e58\" data-element_type=\"widget\" data-e-type=\"widget\" data-widget_type=\"theme-post-featured-image.default\">\n\t\t\t\t\t\t\t\t\t\t\t\t\t\t\t<img loading=\"lazy\" decoding=\"async\" width=\"800\" height=\"497\" src=\"https:\/\/lehmann-ambiente.ch\/wp-content\/uploads\/2024\/01\/ML_90Jahre_6-1024x636.jpg\" class=\"attachment-large size-large wp-image-3883\" alt=\"\" srcset=\"https:\/\/lehmann-ambiente.ch\/wp-content\/uploads\/2024\/01\/ML_90Jahre_6-1024x636.jpg 1024w, https:\/\/lehmann-ambiente.ch\/wp-content\/uploads\/2024\/01\/ML_90Jahre_6-300x186.jpg 300w, https:\/\/lehmann-ambiente.ch\/wp-content\/uploads\/2024\/01\/ML_90Jahre_6-768x477.jpg 768w, https:\/\/lehmann-ambiente.ch\/wp-content\/uploads\/2024\/01\/ML_90Jahre_6-1536x955.jpg 1536w, https:\/\/lehmann-ambiente.ch\/wp-content\/uploads\/2024\/01\/ML_90Jahre_6-2048x1273.jpg 2048w, https:\/\/lehmann-ambiente.ch\/wp-content\/uploads\/2024\/01\/ML_90Jahre_6-18x12.jpg 18w, https:\/\/lehmann-ambiente.ch\/wp-content\/uploads\/2024\/01\/ML_90Jahre_6-600x373.jpg 600w\" sizes=\"(max-width: 800px) 100vw, 800px\" \/>\t\t\t\t\t\t\t\t\t\t\t\t\t\t\t<\/div>\n\t\t\t\t<\/div>\n\t\t\t\t<div class=\"elementor-element elementor-element-cc68e6b elementor-widget elementor-widget-heading\" data-id=\"cc68e6b\" data-element_type=\"widget\" data-e-type=\"widget\" data-widget_type=\"heading.default\">\n\t\t\t\t\t<h3 class=\"elementor-heading-title elementor-size-default\">Unsere Geschichte<\/h3>\t\t\t\t<\/div>\n\t\t\t\t<\/a>\n\t\t\t\t<\/div>\n\t\t<\/div><div class=\"jet-listing-grid__item jet-listing-dynamic-post-931 jet-equal-columns\" data-post-id=\"931\"  >\t\t<div data-elementor-type=\"jet-listing-items\" data-elementor-id=\"3346\" class=\"elementor elementor-3346\" data-elementor-post-type=\"jet-engine\">\n\t\t\t\t<a class=\"elementor-element elementor-element-93bdffc e-con-full listing-simple e-flex e-con e-parent\" data-id=\"93bdffc\" data-element_type=\"container\" data-e-type=\"container\" data-settings=\"{&quot;jet_parallax_layout_list&quot;:[]}\" href=\"https:\/\/lehmann-ambiente.ch\/fr\/ueber-uns\/kontakt\/\">\n\t\t<div data-dce-background-color=\"#E9E5E5\" class=\"elementor-element elementor-element-4d6d3b8 e-con-full e-flex e-con e-child\" data-id=\"4d6d3b8\" data-element_type=\"container\" data-e-type=\"container\" data-settings=\"{&quot;background_background&quot;:&quot;classic&quot;,&quot;jet_parallax_layout_list&quot;:[]}\">\n\t\t\t\t<div class=\"elementor-element elementor-element-89e6e58 elementor-widget__width-inherit listing-simple-image elementor-widget elementor-widget-theme-post-featured-image elementor-widget-image\" data-id=\"89e6e58\" data-element_type=\"widget\" data-e-type=\"widget\" data-widget_type=\"theme-post-featured-image.default\">\n\t\t\t\t\t\t\t\t\t\t\t\t\t\t\t<img loading=\"lazy\" decoding=\"async\" width=\"800\" height=\"532\" src=\"https:\/\/lehmann-ambiente.ch\/wp-content\/uploads\/2024\/02\/ML_Lehmann_098-1024x681.jpg\" class=\"attachment-large size-large wp-image-4339\" alt=\"\" srcset=\"https:\/\/lehmann-ambiente.ch\/wp-content\/uploads\/2024\/02\/ML_Lehmann_098-1024x681.jpg 1024w, https:\/\/lehmann-ambiente.ch\/wp-content\/uploads\/2024\/02\/ML_Lehmann_098-300x200.jpg 300w, https:\/\/lehmann-ambiente.ch\/wp-content\/uploads\/2024\/02\/ML_Lehmann_098-768x511.jpg 768w, https:\/\/lehmann-ambiente.ch\/wp-content\/uploads\/2024\/02\/ML_Lehmann_098-391x260.jpg 391w, https:\/\/lehmann-ambiente.ch\/wp-content\/uploads\/2024\/02\/ML_Lehmann_098-1536x1022.jpg 1536w, https:\/\/lehmann-ambiente.ch\/wp-content\/uploads\/2024\/02\/ML_Lehmann_098-2048x1363.jpg 2048w, https:\/\/lehmann-ambiente.ch\/wp-content\/uploads\/2024\/02\/ML_Lehmann_098-18x12.jpg 18w, https:\/\/lehmann-ambiente.ch\/wp-content\/uploads\/2024\/02\/ML_Lehmann_098-600x399.jpg 600w\" sizes=\"(max-width: 800px) 100vw, 800px\" \/>\t\t\t\t\t\t\t\t\t\t\t\t\t\t\t<\/div>\n\t\t\t\t<\/div>\n\t\t\t\t<div class=\"elementor-element elementor-element-cc68e6b elementor-widget elementor-widget-heading\" data-id=\"cc68e6b\" data-element_type=\"widget\" data-e-type=\"widget\" data-widget_type=\"heading.default\">\n\t\t\t\t\t<h3 class=\"elementor-heading-title elementor-size-default\">Kontakt<\/h3>\t\t\t\t<\/div>\n\t\t\t\t<\/a>\n\t\t\t\t<\/div>\n\t\t<\/div><\/div><\/div>\t\t\t\t<\/div>\n\t\t\t\t\t<\/div>\n\t\t\t\t<\/div>\n\t\t<div class=\"elementor-element elementor-element-6b76cb1 e-con-full e-flex e-con e-parent\" data-id=\"6b76cb1\" data-element_type=\"container\" data-e-type=\"container\" data-settings=\"{&quot;jet_parallax_layout_list&quot;:[]}\">\n\t\t\t\t<div class=\"elementor-element elementor-element-2b98777 elementor-widget__width-auto elementor-widget elementor-widget-heading\" data-id=\"2b98777\" data-element_type=\"widget\" data-e-type=\"widget\" data-widget_type=\"heading.default\">\n\t\t\t\t\t<h2 class=\"elementor-heading-title elementor-size-default\">Produkte<\/h2>\t\t\t\t<\/div>\n\t\t\t\t<div class=\"elementor-element elementor-element-c49877e elementor-widget elementor-widget-jet-listing-grid\" data-id=\"c49877e\" data-element_type=\"widget\" data-e-type=\"widget\" data-settings=\"{&quot;columns&quot;:&quot;4&quot;,&quot;columns_laptop&quot;:&quot;3&quot;,&quot;columns_tablet&quot;:&quot;2&quot;,&quot;columns_mobile&quot;:&quot;1&quot;,&quot;columns_widescreen&quot;:&quot;5&quot;}\" data-widget_type=\"jet-listing-grid.default\">\n\t\t\t\t\t<div class=\"jet-listing-grid jet-listing\"><div class=\"jet-listing-grid__slider slick-lib\" data-slider_options=\"{&quot;autoplaySpeed&quot;:0,&quot;autoplay&quot;:true,&quot;pauseOnHover&quot;:true,&quot;infinite&quot;:true,&quot;centerMode&quot;:false,&quot;speed&quot;:20000,&quot;arrows&quot;:false,&quot;dots&quot;:false,&quot;slidesToScroll&quot;:1,&quot;prevArrow&quot;:&quot;\\u003Cdiv class=\\u0027jet-listing-grid__slider-icon prev-arrow \\u0027 role=\\u0027button\\u0027 aria-label=\\u0027Previous\\u0027\\u003E\\u003Csvg width=\\u0027180\\u0027 height=\\u0027180\\u0027 viewBox=\\u00270 0 180 180\\u0027 fill=\\u0027none\\u0027 xmlns=\\u0027http:\\\/\\\/www.w3.org\\\/2000\\\/svg\\u0027\\u003E\\u003Cpath d=\\u0027M119 47.3166C119 48.185 118.668 48.9532 118.003 49.6212L78.8385 89L118.003 128.379C118.668 129.047 119 129.815 119 130.683C119 131.552 118.668 132.32 118.003 132.988L113.021 137.998C112.356 138.666 111.592 139 110.729 139C109.865 139 109.101 138.666 108.436 137.998L61.9966 91.3046C61.3322 90.6366 61 89.8684 61 89C61 88.1316 61.3322 87.3634 61.9966 86.6954L108.436 40.002C109.101 39.334 109.865 39 110.729 39C111.592 39 112.356 39.334 113.021 40.002L118.003 45.012C118.668 45.68 119 46.4482 119 47.3166Z\\u0027 fill=\\u0027black\\u0027\\\/\\u003E\\u003C\\\/svg\\u003E\\u003C\\\/div\\u003E&quot;,&quot;nextArrow&quot;:&quot;\\u003Cdiv class=\\u0027jet-listing-grid__slider-icon next-arrow \\u0027 role=\\u0027button\\u0027 aria-label=\\u0027Next\\u0027\\u003E\\u003Csvg width=\\u0027180\\u0027 height=\\u0027180\\u0027 viewBox=\\u00270 0 180 180\\u0027 fill=\\u0027none\\u0027 xmlns=\\u0027http:\\\/\\\/www.w3.org\\\/2000\\\/svg\\u0027\\u003E\\u003Cpath d=\\u0027M119 47.3166C119 48.185 118.668 48.9532 118.003 49.6212L78.8385 89L118.003 128.379C118.668 129.047 119 129.815 119 130.683C119 131.552 118.668 132.32 118.003 132.988L113.021 137.998C112.356 138.666 111.592 139 110.729 139C109.865 139 109.101 138.666 108.436 137.998L61.9966 91.3046C61.3322 90.6366 61 89.8684 61 89C61 88.1316 61.3322 87.3634 61.9966 86.6954L108.436 40.002C109.101 39.334 109.865 39 110.729 39C111.592 39 112.356 39.334 113.021 40.002L118.003 45.012C118.668 45.68 119 46.4482 119 47.3166Z\\u0027 fill=\\u0027black\\u0027\\\/\\u003E\\u003C\\\/svg\\u003E\\u003C\\\/div\\u003E&quot;,&quot;rtl&quot;:false,&quot;itemsCount&quot;:6,&quot;fade&quot;:false,&quot;slidesToShow&quot;:{&quot;desktop&quot;:4,&quot;tablet&quot;:2,&quot;mobile&quot;:1}}\" dir=\"ltr\"><div class=\"jet-listing-grid__items grid-col-desk-4 grid-col-tablet-2 grid-col-mobile-1 jet-listing-grid--2572 jet-equal-columns__wrapper woocommerce\" data-queried-id=\"89|WP_Post\" data-nav=\"{&quot;enabled&quot;:false,&quot;type&quot;:null,&quot;more_el&quot;:null,&quot;query&quot;:[],&quot;widget_settings&quot;:{&quot;lisitng_id&quot;:2572,&quot;posts_num&quot;:6,&quot;columns&quot;:4,&quot;columns_tablet&quot;:2,&quot;columns_mobile&quot;:1,&quot;column_min_width&quot;:240,&quot;column_min_width_tablet&quot;:240,&quot;column_min_width_mobile&quot;:240,&quot;inline_columns_css&quot;:false,&quot;is_archive_template&quot;:&quot;&quot;,&quot;post_status&quot;:[&quot;publish&quot;],&quot;use_random_posts_num&quot;:&quot;&quot;,&quot;max_posts_num&quot;:9,&quot;not_found_message&quot;:&quot;No data was found&quot;,&quot;is_masonry&quot;:false,&quot;equal_columns_height&quot;:&quot;yes&quot;,&quot;use_load_more&quot;:&quot;&quot;,&quot;load_more_id&quot;:&quot;&quot;,&quot;load_more_type&quot;:&quot;click&quot;,&quot;load_more_offset&quot;:null,&quot;use_custom_post_types&quot;:&quot;&quot;,&quot;custom_post_types&quot;:[],&quot;hide_widget_if&quot;:&quot;&quot;,&quot;carousel_enabled&quot;:&quot;yes&quot;,&quot;slides_to_scroll&quot;:&quot;1&quot;,&quot;arrows&quot;:&quot;true&quot;,&quot;arrow_icon&quot;:&quot;fa fa-angle-left&quot;,&quot;dots&quot;:&quot;&quot;,&quot;autoplay&quot;:&quot;true&quot;,&quot;pause_on_hover&quot;:&quot;true&quot;,&quot;autoplay_speed&quot;:5000,&quot;infinite&quot;:&quot;true&quot;,&quot;center_mode&quot;:&quot;&quot;,&quot;effect&quot;:&quot;slide&quot;,&quot;speed&quot;:20000,&quot;inject_alternative_items&quot;:&quot;&quot;,&quot;injection_items&quot;:[],&quot;scroll_slider_enabled&quot;:&quot;&quot;,&quot;scroll_slider_on&quot;:[&quot;desktop&quot;,&quot;tablet&quot;,&quot;mobile&quot;],&quot;custom_query&quot;:false,&quot;custom_query_id&quot;:&quot;&quot;,&quot;_element_id&quot;:&quot;&quot;,&quot;collapse_first_last_gap&quot;:false,&quot;list_tag_selection&quot;:&quot;&quot;,&quot;list_items_wrapper_tag&quot;:&quot;div&quot;,&quot;list_item_tag&quot;:&quot;div&quot;,&quot;empty_items_wrapper_tag&quot;:&quot;div&quot;}}\" data-page=\"1\" data-pages=\"18\" data-listing-source=\"posts\" data-listing-id=\"2572\" data-query-id=\"\"><div class=\"jet-listing-grid__item jet-listing-dynamic-post-12783 jet-equal-columns\" data-post-id=\"12783\"  >\t\t<div data-elementor-type=\"jet-listing-items\" data-elementor-id=\"2572\" class=\"elementor elementor-2572\" data-elementor-post-type=\"jet-engine\">\n\t\t\t\t<a class=\"elementor-element elementor-element-b5dd1b1 e-con-full listing-shop e-flex e-con e-parent\" data-id=\"b5dd1b1\" data-element_type=\"container\" data-e-type=\"container\" data-settings=\"{&quot;jet_parallax_layout_list&quot;:[]}\" href=\"https:\/\/lehmann-ambiente.ch\/fr\/produkt\/gabbeh-teppich-5\/\">\n\t\t<!-- dce invisible element a1a9a46 --><div class=\"elementor-element elementor-element-1ffe5b5 e-con-full e-flex e-con e-child\" data-id=\"1ffe5b5\" data-element_type=\"container\" data-e-type=\"container\" data-settings=\"{&quot;jet_parallax_layout_list&quot;:[]}\">\n\t\t\t\t<div class=\"elementor-element elementor-element-fa780be elementor-widget elementor-widget-image\" data-id=\"fa780be\" data-element_type=\"widget\" data-e-type=\"widget\" data-widget_type=\"image.default\">\n\t\t\t\t\t\t\t\t\t\t\t\t\t\t\t<img loading=\"lazy\" decoding=\"async\" width=\"768\" height=\"576\" src=\"https:\/\/lehmann-ambiente.ch\/wp-content\/uploads\/2026\/03\/1000036036-768x576.png\" class=\"attachment-medium_large size-medium_large wp-image-12777\" alt=\"\" srcset=\"https:\/\/lehmann-ambiente.ch\/wp-content\/uploads\/2026\/03\/1000036036-768x576.png 768w, https:\/\/lehmann-ambiente.ch\/wp-content\/uploads\/2026\/03\/1000036036-300x225.png 300w, https:\/\/lehmann-ambiente.ch\/wp-content\/uploads\/2026\/03\/1000036036-1024x768.png 1024w, https:\/\/lehmann-ambiente.ch\/wp-content\/uploads\/2026\/03\/1000036036-1536x1152.png 1536w, https:\/\/lehmann-ambiente.ch\/wp-content\/uploads\/2026\/03\/1000036036-2048x1536.png 2048w, https:\/\/lehmann-ambiente.ch\/wp-content\/uploads\/2026\/03\/1000036036-16x12.png 16w, https:\/\/lehmann-ambiente.ch\/wp-content\/uploads\/2026\/03\/1000036036-600x450.png 600w\" sizes=\"(max-width: 768px) 100vw, 768px\" \/>\t\t\t\t\t\t\t\t\t\t\t\t\t\t\t<\/div>\n\t\t\t\t<\/div>\n\t\t<div class=\"elementor-element elementor-element-8229bcd e-con-full e-flex e-con e-child\" data-id=\"8229bcd\" data-element_type=\"container\" data-e-type=\"container\" data-settings=\"{&quot;jet_parallax_layout_list&quot;:[]}\">\n\t\t\t\t<div class=\"elementor-element elementor-element-7a732c8 elementor-widget elementor-widget-heading\" data-id=\"7a732c8\" data-element_type=\"widget\" data-e-type=\"widget\" data-widget_type=\"heading.default\">\n\t\t\t\t\t<h2 class=\"elementor-heading-title elementor-size-default\">GABBEH Teppich<\/h2>\t\t\t\t<\/div>\n\t\t\t\t<div class=\"elementor-element elementor-element-b9999e8 listing-shop-price elementor-widget elementor-widget-woocommerce-product-price\" data-id=\"b9999e8\" data-element_type=\"widget\" data-e-type=\"widget\" data-widget_type=\"woocommerce-product-price.default\">\n\t\t\t\t\t<p class=\"price\"><del aria-hidden=\"true\"><span class=\"woocommerce-Price-amount amount\"><bdi><span class=\"woocommerce-Price-currencySymbol\">&#67;&#72;&#70;<\/span>&nbsp;650.00<\/bdi><\/span><\/del> <span class=\"screen-reader-text\">Le prix initial \u00e9tait\u00a0: &#067;&#072;&#070;&nbsp;650.00.<\/span><ins aria-hidden=\"true\"><span class=\"woocommerce-Price-amount amount\"><bdi><span class=\"woocommerce-Price-currencySymbol\">&#67;&#72;&#70;<\/span>&nbsp;200.00<\/bdi><\/span><\/ins><span class=\"screen-reader-text\">Le prix actuel est\u00a0: &#067;&#072;&#070;&nbsp;200.00.<\/span><\/p>\n\t\t\t\t<\/div>\n\t\t\t\t<\/div>\n\t\t\t\t<\/a>\n\t\t\t\t<\/div>\n\t\t<\/div><div class=\"jet-listing-grid__item jet-listing-dynamic-post-12782 jet-equal-columns\" data-post-id=\"12782\"  >\t\t<div data-elementor-type=\"jet-listing-items\" data-elementor-id=\"2572\" class=\"elementor elementor-2572\" data-elementor-post-type=\"jet-engine\">\n\t\t\t\t<a class=\"elementor-element elementor-element-b5dd1b1 e-con-full listing-shop e-flex e-con e-parent\" data-id=\"b5dd1b1\" data-element_type=\"container\" data-e-type=\"container\" data-settings=\"{&quot;jet_parallax_layout_list&quot;:[]}\" href=\"https:\/\/lehmann-ambiente.ch\/fr\/produkt\/gabbeh-teppich-4\/\">\n\t\t<!-- dce invisible element a1a9a46 --><div class=\"elementor-element elementor-element-1ffe5b5 e-con-full e-flex e-con e-child\" data-id=\"1ffe5b5\" data-element_type=\"container\" data-e-type=\"container\" data-settings=\"{&quot;jet_parallax_layout_list&quot;:[]}\">\n\t\t\t\t<div class=\"elementor-element elementor-element-fa780be elementor-widget elementor-widget-image\" data-id=\"fa780be\" data-element_type=\"widget\" data-e-type=\"widget\" data-widget_type=\"image.default\">\n\t\t\t\t\t\t\t\t\t\t\t\t\t\t\t<img loading=\"lazy\" decoding=\"async\" width=\"768\" height=\"576\" src=\"https:\/\/lehmann-ambiente.ch\/wp-content\/uploads\/2026\/03\/1000036037-768x576.png\" class=\"attachment-medium_large size-medium_large wp-image-12778\" alt=\"\" srcset=\"https:\/\/lehmann-ambiente.ch\/wp-content\/uploads\/2026\/03\/1000036037-768x576.png 768w, https:\/\/lehmann-ambiente.ch\/wp-content\/uploads\/2026\/03\/1000036037-300x225.png 300w, https:\/\/lehmann-ambiente.ch\/wp-content\/uploads\/2026\/03\/1000036037-1024x768.png 1024w, https:\/\/lehmann-ambiente.ch\/wp-content\/uploads\/2026\/03\/1000036037-1536x1152.png 1536w, https:\/\/lehmann-ambiente.ch\/wp-content\/uploads\/2026\/03\/1000036037-2048x1536.png 2048w, https:\/\/lehmann-ambiente.ch\/wp-content\/uploads\/2026\/03\/1000036037-16x12.png 16w, https:\/\/lehmann-ambiente.ch\/wp-content\/uploads\/2026\/03\/1000036037-600x450.png 600w\" sizes=\"(max-width: 768px) 100vw, 768px\" \/>\t\t\t\t\t\t\t\t\t\t\t\t\t\t\t<\/div>\n\t\t\t\t<\/div>\n\t\t<div class=\"elementor-element elementor-element-8229bcd e-con-full e-flex e-con e-child\" data-id=\"8229bcd\" data-element_type=\"container\" data-e-type=\"container\" data-settings=\"{&quot;jet_parallax_layout_list&quot;:[]}\">\n\t\t\t\t<div class=\"elementor-element elementor-element-7a732c8 elementor-widget elementor-widget-heading\" data-id=\"7a732c8\" data-element_type=\"widget\" data-e-type=\"widget\" data-widget_type=\"heading.default\">\n\t\t\t\t\t<h2 class=\"elementor-heading-title elementor-size-default\">GABBEH Teppich<\/h2>\t\t\t\t<\/div>\n\t\t\t\t<div class=\"elementor-element elementor-element-b9999e8 listing-shop-price elementor-widget elementor-widget-woocommerce-product-price\" data-id=\"b9999e8\" data-element_type=\"widget\" data-e-type=\"widget\" data-widget_type=\"woocommerce-product-price.default\">\n\t\t\t\t\t<p class=\"price\"><del aria-hidden=\"true\"><span class=\"woocommerce-Price-amount amount\"><bdi><span class=\"woocommerce-Price-currencySymbol\">&#67;&#72;&#70;<\/span>&nbsp;690.00<\/bdi><\/span><\/del> <span class=\"screen-reader-text\">Le prix initial \u00e9tait\u00a0: &#067;&#072;&#070;&nbsp;690.00.<\/span><ins aria-hidden=\"true\"><span class=\"woocommerce-Price-amount amount\"><bdi><span class=\"woocommerce-Price-currencySymbol\">&#67;&#72;&#70;<\/span>&nbsp;200.00<\/bdi><\/span><\/ins><span class=\"screen-reader-text\">Le prix actuel est\u00a0: &#067;&#072;&#070;&nbsp;200.00.<\/span><\/p>\n\t\t\t\t<\/div>\n\t\t\t\t<\/div>\n\t\t\t\t<\/a>\n\t\t\t\t<\/div>\n\t\t<\/div><div class=\"jet-listing-grid__item jet-listing-dynamic-post-12781 jet-equal-columns\" data-post-id=\"12781\"  >\t\t<div data-elementor-type=\"jet-listing-items\" data-elementor-id=\"2572\" class=\"elementor elementor-2572\" data-elementor-post-type=\"jet-engine\">\n\t\t\t\t<a class=\"elementor-element elementor-element-b5dd1b1 e-con-full listing-shop e-flex e-con e-parent\" data-id=\"b5dd1b1\" data-element_type=\"container\" data-e-type=\"container\" data-settings=\"{&quot;jet_parallax_layout_list&quot;:[]}\" href=\"https:\/\/lehmann-ambiente.ch\/fr\/produkt\/gabbeh-teppich-3\/\">\n\t\t<!-- dce invisible element a1a9a46 --><div class=\"elementor-element elementor-element-1ffe5b5 e-con-full e-flex e-con e-child\" data-id=\"1ffe5b5\" data-element_type=\"container\" data-e-type=\"container\" data-settings=\"{&quot;jet_parallax_layout_list&quot;:[]}\">\n\t\t\t\t<div class=\"elementor-element elementor-element-fa780be elementor-widget elementor-widget-image\" data-id=\"fa780be\" data-element_type=\"widget\" data-e-type=\"widget\" data-widget_type=\"image.default\">\n\t\t\t\t\t\t\t\t\t\t\t\t\t\t\t<img loading=\"lazy\" decoding=\"async\" width=\"768\" height=\"576\" src=\"https:\/\/lehmann-ambiente.ch\/wp-content\/uploads\/2026\/03\/1000036038-768x576.png\" class=\"attachment-medium_large size-medium_large wp-image-12779\" alt=\"\" srcset=\"https:\/\/lehmann-ambiente.ch\/wp-content\/uploads\/2026\/03\/1000036038-768x576.png 768w, https:\/\/lehmann-ambiente.ch\/wp-content\/uploads\/2026\/03\/1000036038-300x225.png 300w, https:\/\/lehmann-ambiente.ch\/wp-content\/uploads\/2026\/03\/1000036038-1024x768.png 1024w, https:\/\/lehmann-ambiente.ch\/wp-content\/uploads\/2026\/03\/1000036038-1536x1152.png 1536w, https:\/\/lehmann-ambiente.ch\/wp-content\/uploads\/2026\/03\/1000036038-2048x1536.png 2048w, https:\/\/lehmann-ambiente.ch\/wp-content\/uploads\/2026\/03\/1000036038-16x12.png 16w, https:\/\/lehmann-ambiente.ch\/wp-content\/uploads\/2026\/03\/1000036038-600x450.png 600w\" sizes=\"(max-width: 768px) 100vw, 768px\" \/>\t\t\t\t\t\t\t\t\t\t\t\t\t\t\t<\/div>\n\t\t\t\t<\/div>\n\t\t<div class=\"elementor-element elementor-element-8229bcd e-con-full e-flex e-con e-child\" data-id=\"8229bcd\" data-element_type=\"container\" data-e-type=\"container\" data-settings=\"{&quot;jet_parallax_layout_list&quot;:[]}\">\n\t\t\t\t<div class=\"elementor-element elementor-element-7a732c8 elementor-widget elementor-widget-heading\" data-id=\"7a732c8\" data-element_type=\"widget\" data-e-type=\"widget\" data-widget_type=\"heading.default\">\n\t\t\t\t\t<h2 class=\"elementor-heading-title elementor-size-default\">GABBEH Teppich<\/h2>\t\t\t\t<\/div>\n\t\t\t\t<div class=\"elementor-element elementor-element-b9999e8 listing-shop-price elementor-widget elementor-widget-woocommerce-product-price\" data-id=\"b9999e8\" data-element_type=\"widget\" data-e-type=\"widget\" data-widget_type=\"woocommerce-product-price.default\">\n\t\t\t\t\t<p class=\"price\"><del aria-hidden=\"true\"><span class=\"woocommerce-Price-amount amount\"><bdi><span class=\"woocommerce-Price-currencySymbol\">&#67;&#72;&#70;<\/span>&nbsp;592.00<\/bdi><\/span><\/del> <span class=\"screen-reader-text\">Le prix initial \u00e9tait\u00a0: &#067;&#072;&#070;&nbsp;592.00.<\/span><ins aria-hidden=\"true\"><span class=\"woocommerce-Price-amount amount\"><bdi><span class=\"woocommerce-Price-currencySymbol\">&#67;&#72;&#70;<\/span>&nbsp;200.00<\/bdi><\/span><\/ins><span class=\"screen-reader-text\">Le prix actuel est\u00a0: &#067;&#072;&#070;&nbsp;200.00.<\/span><\/p>\n\t\t\t\t<\/div>\n\t\t\t\t<\/div>\n\t\t\t\t<\/a>\n\t\t\t\t<\/div>\n\t\t<\/div><div class=\"jet-listing-grid__item jet-listing-dynamic-post-12776 jet-equal-columns\" data-post-id=\"12776\"  >\t\t<div data-elementor-type=\"jet-listing-items\" data-elementor-id=\"2572\" class=\"elementor elementor-2572\" data-elementor-post-type=\"jet-engine\">\n\t\t\t\t<a class=\"elementor-element elementor-element-b5dd1b1 e-con-full listing-shop e-flex e-con e-parent\" data-id=\"b5dd1b1\" data-element_type=\"container\" data-e-type=\"container\" data-settings=\"{&quot;jet_parallax_layout_list&quot;:[]}\" href=\"https:\/\/lehmann-ambiente.ch\/fr\/produkt\/gabbeh-teppich-2\/\">\n\t\t<!-- dce invisible element a1a9a46 --><div class=\"elementor-element elementor-element-1ffe5b5 e-con-full e-flex e-con e-child\" data-id=\"1ffe5b5\" data-element_type=\"container\" data-e-type=\"container\" data-settings=\"{&quot;jet_parallax_layout_list&quot;:[]}\">\n\t\t\t\t<div class=\"elementor-element elementor-element-fa780be elementor-widget elementor-widget-image\" data-id=\"fa780be\" data-element_type=\"widget\" data-e-type=\"widget\" data-widget_type=\"image.default\">\n\t\t\t\t\t\t\t\t\t\t\t\t\t\t\t<img loading=\"lazy\" decoding=\"async\" width=\"768\" height=\"576\" src=\"https:\/\/lehmann-ambiente.ch\/wp-content\/uploads\/2026\/03\/1000036039-768x576.png\" class=\"attachment-medium_large size-medium_large wp-image-12780\" alt=\"\" srcset=\"https:\/\/lehmann-ambiente.ch\/wp-content\/uploads\/2026\/03\/1000036039-768x576.png 768w, https:\/\/lehmann-ambiente.ch\/wp-content\/uploads\/2026\/03\/1000036039-300x225.png 300w, https:\/\/lehmann-ambiente.ch\/wp-content\/uploads\/2026\/03\/1000036039-1024x768.png 1024w, https:\/\/lehmann-ambiente.ch\/wp-content\/uploads\/2026\/03\/1000036039-1536x1152.png 1536w, https:\/\/lehmann-ambiente.ch\/wp-content\/uploads\/2026\/03\/1000036039-2048x1536.png 2048w, https:\/\/lehmann-ambiente.ch\/wp-content\/uploads\/2026\/03\/1000036039-16x12.png 16w, https:\/\/lehmann-ambiente.ch\/wp-content\/uploads\/2026\/03\/1000036039-600x450.png 600w\" sizes=\"(max-width: 768px) 100vw, 768px\" \/>\t\t\t\t\t\t\t\t\t\t\t\t\t\t\t<\/div>\n\t\t\t\t<\/div>\n\t\t<div class=\"elementor-element elementor-element-8229bcd e-con-full e-flex e-con e-child\" data-id=\"8229bcd\" data-element_type=\"container\" data-e-type=\"container\" data-settings=\"{&quot;jet_parallax_layout_list&quot;:[]}\">\n\t\t\t\t<div class=\"elementor-element elementor-element-7a732c8 elementor-widget elementor-widget-heading\" data-id=\"7a732c8\" data-element_type=\"widget\" data-e-type=\"widget\" data-widget_type=\"heading.default\">\n\t\t\t\t\t<h2 class=\"elementor-heading-title elementor-size-default\">GABBEH Teppich<\/h2>\t\t\t\t<\/div>\n\t\t\t\t<div class=\"elementor-element elementor-element-b9999e8 listing-shop-price elementor-widget elementor-widget-woocommerce-product-price\" data-id=\"b9999e8\" data-element_type=\"widget\" data-e-type=\"widget\" data-widget_type=\"woocommerce-product-price.default\">\n\t\t\t\t\t<p class=\"price\"><del aria-hidden=\"true\"><span class=\"woocommerce-Price-amount amount\"><bdi><span class=\"woocommerce-Price-currencySymbol\">&#67;&#72;&#70;<\/span>&nbsp;592.00<\/bdi><\/span><\/del> <span class=\"screen-reader-text\">Le prix initial \u00e9tait\u00a0: &#067;&#072;&#070;&nbsp;592.00.<\/span><ins aria-hidden=\"true\"><span class=\"woocommerce-Price-amount amount\"><bdi><span class=\"woocommerce-Price-currencySymbol\">&#67;&#72;&#70;<\/span>&nbsp;200.00<\/bdi><\/span><\/ins><span class=\"screen-reader-text\">Le prix actuel est\u00a0: &#067;&#072;&#070;&nbsp;200.00.<\/span><\/p>\n\t\t\t\t<\/div>\n\t\t\t\t<\/div>\n\t\t\t\t<\/a>\n\t\t\t\t<\/div>\n\t\t<\/div><div class=\"jet-listing-grid__item jet-listing-dynamic-post-12774 jet-equal-columns\" data-post-id=\"12774\"  >\t\t<div data-elementor-type=\"jet-listing-items\" data-elementor-id=\"2572\" class=\"elementor elementor-2572\" data-elementor-post-type=\"jet-engine\">\n\t\t\t\t<a class=\"elementor-element elementor-element-b5dd1b1 e-con-full listing-shop e-flex e-con e-parent\" data-id=\"b5dd1b1\" data-element_type=\"container\" data-e-type=\"container\" data-settings=\"{&quot;jet_parallax_layout_list&quot;:[]}\" href=\"https:\/\/lehmann-ambiente.ch\/fr\/produkt\/gabbeh-teppich\/\">\n\t\t<!-- dce invisible element a1a9a46 --><div class=\"elementor-element elementor-element-1ffe5b5 e-con-full e-flex e-con e-child\" data-id=\"1ffe5b5\" data-element_type=\"container\" data-e-type=\"container\" data-settings=\"{&quot;jet_parallax_layout_list&quot;:[]}\">\n\t\t\t\t<div class=\"elementor-element elementor-element-fa780be elementor-widget elementor-widget-image\" data-id=\"fa780be\" data-element_type=\"widget\" data-e-type=\"widget\" data-widget_type=\"image.default\">\n\t\t\t\t\t\t\t\t\t\t\t\t\t\t\t<img loading=\"lazy\" decoding=\"async\" width=\"768\" height=\"576\" src=\"https:\/\/lehmann-ambiente.ch\/wp-content\/uploads\/2026\/03\/1000036040-768x576.png\" class=\"attachment-medium_large size-medium_large wp-image-12775\" alt=\"\" srcset=\"https:\/\/lehmann-ambiente.ch\/wp-content\/uploads\/2026\/03\/1000036040-768x576.png 768w, https:\/\/lehmann-ambiente.ch\/wp-content\/uploads\/2026\/03\/1000036040-300x225.png 300w, https:\/\/lehmann-ambiente.ch\/wp-content\/uploads\/2026\/03\/1000036040-1024x768.png 1024w, https:\/\/lehmann-ambiente.ch\/wp-content\/uploads\/2026\/03\/1000036040-1536x1152.png 1536w, https:\/\/lehmann-ambiente.ch\/wp-content\/uploads\/2026\/03\/1000036040-2048x1536.png 2048w, https:\/\/lehmann-ambiente.ch\/wp-content\/uploads\/2026\/03\/1000036040-16x12.png 16w, https:\/\/lehmann-ambiente.ch\/wp-content\/uploads\/2026\/03\/1000036040-600x450.png 600w\" sizes=\"(max-width: 768px) 100vw, 768px\" \/>\t\t\t\t\t\t\t\t\t\t\t\t\t\t\t<\/div>\n\t\t\t\t<\/div>\n\t\t<div class=\"elementor-element elementor-element-8229bcd e-con-full e-flex e-con e-child\" data-id=\"8229bcd\" data-element_type=\"container\" data-e-type=\"container\" data-settings=\"{&quot;jet_parallax_layout_list&quot;:[]}\">\n\t\t\t\t<div class=\"elementor-element elementor-element-7a732c8 elementor-widget elementor-widget-heading\" data-id=\"7a732c8\" data-element_type=\"widget\" data-e-type=\"widget\" data-widget_type=\"heading.default\">\n\t\t\t\t\t<h2 class=\"elementor-heading-title elementor-size-default\">GABBEH Teppich<\/h2>\t\t\t\t<\/div>\n\t\t\t\t<div class=\"elementor-element elementor-element-b9999e8 listing-shop-price elementor-widget elementor-widget-woocommerce-product-price\" data-id=\"b9999e8\" data-element_type=\"widget\" data-e-type=\"widget\" data-widget_type=\"woocommerce-product-price.default\">\n\t\t\t\t\t<p class=\"price\"><del aria-hidden=\"true\"><span class=\"woocommerce-Price-amount amount\"><bdi><span class=\"woocommerce-Price-currencySymbol\">&#67;&#72;&#70;<\/span>&nbsp;390.00<\/bdi><\/span><\/del> <span class=\"screen-reader-text\">Le prix initial \u00e9tait\u00a0: &#067;&#072;&#070;&nbsp;390.00.<\/span><ins aria-hidden=\"true\"><span class=\"woocommerce-Price-amount amount\"><bdi><span class=\"woocommerce-Price-currencySymbol\">&#67;&#72;&#70;<\/span>&nbsp;200.00<\/bdi><\/span><\/ins><span class=\"screen-reader-text\">Le prix actuel est\u00a0: &#067;&#072;&#070;&nbsp;200.00.<\/span><\/p>\n\t\t\t\t<\/div>\n\t\t\t\t<\/div>\n\t\t\t\t<\/a>\n\t\t\t\t<\/div>\n\t\t<\/div><div class=\"jet-listing-grid__item jet-listing-dynamic-post-12451 jet-equal-columns\" data-post-id=\"12451\"  >\t\t<div data-elementor-type=\"jet-listing-items\" data-elementor-id=\"2572\" class=\"elementor elementor-2572\" data-elementor-post-type=\"jet-engine\">\n\t\t\t\t<a class=\"elementor-element elementor-element-b5dd1b1 e-con-full listing-shop e-flex e-con e-parent\" data-id=\"b5dd1b1\" data-element_type=\"container\" data-e-type=\"container\" data-settings=\"{&quot;jet_parallax_layout_list&quot;:[]}\" href=\"https:\/\/lehmann-ambiente.ch\/fr\/produkt\/pure-lowboard-mit-2-wandtablare\/\">\n\t\t<!-- dce invisible element a1a9a46 --><div class=\"elementor-element elementor-element-1ffe5b5 e-con-full e-flex e-con e-child\" data-id=\"1ffe5b5\" data-element_type=\"container\" data-e-type=\"container\" data-settings=\"{&quot;jet_parallax_layout_list&quot;:[]}\">\n\t\t\t\t<div class=\"elementor-element elementor-element-fa780be elementor-widget elementor-widget-image\" data-id=\"fa780be\" data-element_type=\"widget\" data-e-type=\"widget\" data-widget_type=\"image.default\">\n\t\t\t\t\t\t\t\t\t\t\t\t\t\t\t<img loading=\"lazy\" decoding=\"async\" width=\"768\" height=\"576\" src=\"https:\/\/lehmann-ambiente.ch\/wp-content\/uploads\/2026\/02\/1000033237-768x576.jpg\" class=\"attachment-medium_large size-medium_large wp-image-12452\" alt=\"\" srcset=\"https:\/\/lehmann-ambiente.ch\/wp-content\/uploads\/2026\/02\/1000033237-768x576.jpg 768w, https:\/\/lehmann-ambiente.ch\/wp-content\/uploads\/2026\/02\/1000033237-300x225.jpg 300w, https:\/\/lehmann-ambiente.ch\/wp-content\/uploads\/2026\/02\/1000033237-1024x768.jpg 1024w, https:\/\/lehmann-ambiente.ch\/wp-content\/uploads\/2026\/02\/1000033237-1536x1152.jpg 1536w, https:\/\/lehmann-ambiente.ch\/wp-content\/uploads\/2026\/02\/1000033237-2048x1536.jpg 2048w, https:\/\/lehmann-ambiente.ch\/wp-content\/uploads\/2026\/02\/1000033237-16x12.jpg 16w, https:\/\/lehmann-ambiente.ch\/wp-content\/uploads\/2026\/02\/1000033237-600x450.jpg 600w\" sizes=\"(max-width: 768px) 100vw, 768px\" \/>\t\t\t\t\t\t\t\t\t\t\t\t\t\t\t<\/div>\n\t\t\t\t<\/div>\n\t\t<div class=\"elementor-element elementor-element-8229bcd e-con-full e-flex e-con e-child\" data-id=\"8229bcd\" data-element_type=\"container\" data-e-type=\"container\" data-settings=\"{&quot;jet_parallax_layout_list&quot;:[]}\">\n\t\t\t\t<div class=\"elementor-element elementor-element-7a732c8 elementor-widget elementor-widget-heading\" data-id=\"7a732c8\" data-element_type=\"widget\" data-e-type=\"widget\" data-widget_type=\"heading.default\">\n\t\t\t\t\t<h2 class=\"elementor-heading-title elementor-size-default\">PURE Lowboard mit 2 Wandtablare<\/h2>\t\t\t\t<\/div>\n\t\t\t\t<div class=\"elementor-element elementor-element-b9999e8 listing-shop-price elementor-widget elementor-widget-woocommerce-product-price\" data-id=\"b9999e8\" data-element_type=\"widget\" data-e-type=\"widget\" data-widget_type=\"woocommerce-product-price.default\">\n\t\t\t\t\t<p class=\"price\"><del aria-hidden=\"true\"><span class=\"woocommerce-Price-amount amount\"><bdi><span class=\"woocommerce-Price-currencySymbol\">&#67;&#72;&#70;<\/span>&nbsp;4'005.00<\/bdi><\/span><\/del> <span class=\"screen-reader-text\">Le prix initial \u00e9tait\u00a0: &#067;&#072;&#070;&nbsp;4&#039;005.00.<\/span><ins aria-hidden=\"true\"><span class=\"woocommerce-Price-amount amount\"><bdi><span class=\"woocommerce-Price-currencySymbol\">&#67;&#72;&#70;<\/span>&nbsp;2'990.00<\/bdi><\/span><\/ins><span class=\"screen-reader-text\">Le prix actuel est\u00a0: &#067;&#072;&#070;&nbsp;2&#039;990.00.<\/span><\/p>\n\t\t\t\t<\/div>\n\t\t\t\t<\/div>\n\t\t\t\t<\/a>\n\t\t\t\t<\/div>\n\t\t<\/div><\/div><\/div><\/div>\t\t\t\t<\/div>\n\t\t\t\t<div class=\"elementor-element elementor-element-a3bbdea elementor-widget elementor-widget-button\" data-id=\"a3bbdea\" data-element_type=\"widget\" data-e-type=\"widget\" data-widget_type=\"button.default\">\n\t\t\t\t\t\t\t\t\t\t<a class=\"elementor-button elementor-button-link elementor-size-sm\" href=\"\/outlet\">\n\t\t\t\t\t\t<span class=\"elementor-button-content-wrapper\">\n\t\t\t\t\t\t\t\t\t<span class=\"elementor-button-text\">Produkte entdecken<\/span>\n\t\t\t\t\t<\/span>\n\t\t\t\t\t<\/a>\n\t\t\t\t\t\t\t\t<\/div>\n\t\t\t\t<\/div>\n\t\t\t\t<\/div>\n\t\t","protected":false},"excerpt":{"rendered":"<p>Lehmann Ambiente Entdecken Sie die Kunst des Wohnens Willkommen bei Lehmann Ambiente, Ihrem exklusiven Partner f\u00fcr aussergew\u00f6hnliches Interior Design. Tauchen Sie ein in eine Welt, in der Design, Qualit\u00e4t und Luxus Hand in Hand gehen. Unsere Einrichtungsspezialisten bringen nicht nur tiefgreifendes Wissen \u00fcber Marken und Produkte mit, sondern auch jahrelange Erfahrung, um jedes Projekt in [&hellip;]<\/p>\n","protected":false},"author":56,"featured_media":4984,"parent":0,"menu_order":0,"comment_status":"closed","ping_status":"closed","template":"","meta":{"_acf_changed":false,"footnotes":""},"class_list":["post-89","page","type-page","status-publish","has-post-thumbnail","hentry"],"acf":[],"_links":{"self":[{"href":"https:\/\/lehmann-ambiente.ch\/fr\/wp-json\/wp\/v2\/pages\/89","targetHints":{"allow":["GET"]}}],"collection":[{"href":"https:\/\/lehmann-ambiente.ch\/fr\/wp-json\/wp\/v2\/pages"}],"about":[{"href":"https:\/\/lehmann-ambiente.ch\/fr\/wp-json\/wp\/v2\/types\/page"}],"author":[{"embeddable":true,"href":"https:\/\/lehmann-ambiente.ch\/fr\/wp-json\/wp\/v2\/users\/56"}],"replies":[{"embeddable":true,"href":"https:\/\/lehmann-ambiente.ch\/fr\/wp-json\/wp\/v2\/comments?post=89"}],"version-history":[{"count":15,"href":"https:\/\/lehmann-ambiente.ch\/fr\/wp-json\/wp\/v2\/pages\/89\/revisions"}],"predecessor-version":[{"id":12710,"href":"https:\/\/lehmann-ambiente.ch\/fr\/wp-json\/wp\/v2\/pages\/89\/revisions\/12710"}],"wp:featuredmedia":[{"embeddable":true,"href":"https:\/\/lehmann-ambiente.ch\/fr\/wp-json\/wp\/v2\/media\/4984"}],"wp:attachment":[{"href":"https:\/\/lehmann-ambiente.ch\/fr\/wp-json\/wp\/v2\/media?parent=89"}],"curies":[{"name":"wp","href":"https:\/\/api.w.org\/{rel}","templated":true}]}}