{"id":13876,"date":"2026-09-04T08:28:07","date_gmt":"2026-09-04T06:28:07","guid":{"rendered":"https:\/\/lehmann-ambiente.ch\/?post_type=product&#038;p=13876"},"modified":"2026-09-04T08:28:11","modified_gmt":"2026-09-04T06:28:11","slug":"matelas-supernova-luxe-iii","status":"publish","type":"product","link":"https:\/\/lehmann-ambiente.ch\/fr\/produkt\/supernova-luxe-iii-mattratze\/","title":{"rendered":"Matelas Supernova Luxe III"},"content":{"rendered":"<p class=\"wp-block-paragraph\">La conception ergonomique du noyau du matelas, bas\u00e9e sur le principe ASL, assure un soutien harmonieux du corps et permet aux \u00e9paules et au dos de se d\u00e9tendre de mani\u00e8re optimale. Ce matelas convient aux personnes dormant sur le dos, sur le ventre ou sur le c\u00f4t\u00e9. Dans la version Luxe, la r\u00e9gulation thermique est encore optimis\u00e9e gr\u00e2ce au Climaborder.<\/p>\n\n\n\n<p class=\"wp-block-paragraph\">90 x 200 x H 26 cm<\/p>\n\n\n\n<p class=\"wp-block-paragraph\">\u00c9tat : pi\u00e8ce d'exposition, ancien rev\u00eatement<\/p>","protected":false},"excerpt":{"rendered":"<p>Der ergonomische Aufbau des Matratzenkerns nach dem ASL-Prinzip sorgt f\u00fcr eine harmonische K\u00f6rperlagerung und l\u00e4sst die Schultern und den R\u00fccken optimal entspannen. Die Matratze ist geeignet f\u00fcr R\u00fccken,- Bauch- und Seitenschl\u00e4fer. In der Luxe Ausf\u00fchrung ist die Klimatisation dank dem Climaborder noch zus\u00e4tzlich optimiert. 90 x 200 x H26 cm Zustand: Ausstellungsst\u00fcck, alter Bezug<\/p>","protected":false},"featured_media":13874,"template":"","meta":{"_acf_changed":false},"product_brand":[],"product_cat":[161],"product_tag":[320,319,318],"material":[],"class_list":["post-13876","product","type-product","status-publish","has-post-thumbnail","product_cat-schlafzimmer","product_tag-lehmann-ambiente","product_tag-riposa","product_tag-supernova-luxe","first","instock","sale","taxable","shipping-taxable","purchasable","product-type-simple"],"acf":[],"_links":{"self":[{"href":"https:\/\/lehmann-ambiente.ch\/fr\/wp-json\/wp\/v2\/product\/13876","targetHints":{"allow":["GET"]}}],"collection":[{"href":"https:\/\/lehmann-ambiente.ch\/fr\/wp-json\/wp\/v2\/product"}],"about":[{"href":"https:\/\/lehmann-ambiente.ch\/fr\/wp-json\/wp\/v2\/types\/product"}],"wp:featuredmedia":[{"embeddable":true,"href":"https:\/\/lehmann-ambiente.ch\/fr\/wp-json\/wp\/v2\/media\/13874"}],"wp:attachment":[{"href":"https:\/\/lehmann-ambiente.ch\/fr\/wp-json\/wp\/v2\/media?parent=13876"}],"wp:term":[{"taxonomy":"product_brand","embeddable":true,"href":"https:\/\/lehmann-ambiente.ch\/fr\/wp-json\/wp\/v2\/product_brand?post=13876"},{"taxonomy":"product_cat","embeddable":true,"href":"https:\/\/lehmann-ambiente.ch\/fr\/wp-json\/wp\/v2\/product_cat?post=13876"},{"taxonomy":"product_tag","embeddable":true,"href":"https:\/\/lehmann-ambiente.ch\/fr\/wp-json\/wp\/v2\/product_tag?post=13876"},{"taxonomy":"material","embeddable":true,"href":"https:\/\/lehmann-ambiente.ch\/fr\/wp-json\/wp\/v2\/material?post=13876"}],"curies":[{"name":"wp","href":"https:\/\/api.w.org\/{rel}","templated":true}]}}